{"id":649,"date":"2024-06-20T09:15:19","date_gmt":"2024-06-20T09:15:19","guid":{"rendered":"https:\/\/novare.se\/public\/?page_id=649"},"modified":"2026-02-18T15:09:24","modified_gmt":"2026-02-18T15:09:24","slug":"chefsrekrytering","status":"publish","type":"page","link":"https:\/\/novare.se\/public\/chefsrekrytering\/","title":{"rendered":"Chefsrekrytering"},"content":{"rendered":"<section id=\"hero-3-block_a6ba49d23506a80cb5dcf07336a146e0\" class=\"block hero-3  m-b \">\n    <div class=\"hero-3--top-section bg-primary\">\n                    <div class=\"bg-backdrop\">\n                <div class=\"bg-backdrop--inner\"><\/div>\n            <\/div>\n                <div class=\"container\">\n            <div class=\"row\">\n                <div class=\"row__col\">\n                    <div class=\"text-img-wrapper\">\n                        <div class=\"text-col\" >\n                                                                \n                                <div class=\"title-wrapper\" >\n                                    <h1 class=\"h3 text-left\">Chefsrekrytering inom <strong><i>offentlig sektor<\/i><\/strong><\/h1>                                <\/div>\n                                                            \n                            \n                                                            <div class=\"text-wrapper\" >\n                                    <p>Vi hj\u00e4lper offentliga organisationer att hitta ledare som skapar v\u00e4rde och driver utveckling. Med l\u00e5ng erfarenhet, starkt n\u00e4tverk och djup f\u00f6rst\u00e5else f\u00f6r sektorn s\u00e4kerst\u00e4ller vi r\u00e4tt chef p\u00e5 r\u00e4tt plats.<\/p>\n                                <\/div>\n                                                            \n                                                            <div class='btn-wrapper'><div class=\"btn-element\" ><a class=\"btn btn--white\" href=\"https:\/\/novare.se\/public\/kontakta-oss\/\"target=\"_self\">Kontakta oss<\/a><\/div><\/div>    \n                                                    <\/div>\n\n                                                    <div class=\"1415 HEROTHREEIMG img-col \"   >\n                            <img loading=\"lazy\" decoding=\"async\" width=\"1024\" height=\"1024\" src=\"https:\/\/novare.se\/public\/wp-content\/uploads\/sites\/6\/2025\/10\/rekrytering_1080x10801-1024x1024.jpg\" class=\"attachment-large size-large\" alt=\"\" srcset=\"https:\/\/novare.se\/public\/wp-content\/uploads\/sites\/6\/2025\/10\/rekrytering_1080x10801-1024x1024.jpg 1024w, https:\/\/novare.se\/public\/wp-content\/uploads\/sites\/6\/2025\/10\/rekrytering_1080x10801-360x360.jpg 360w, https:\/\/novare.se\/public\/wp-content\/uploads\/sites\/6\/2025\/10\/rekrytering_1080x10801-150x150.jpg 150w, https:\/\/novare.se\/public\/wp-content\/uploads\/sites\/6\/2025\/10\/rekrytering_1080x10801-768x768.jpg 768w, https:\/\/novare.se\/public\/wp-content\/uploads\/sites\/6\/2025\/10\/rekrytering_1080x10801.jpg 1080w\" sizes=\"(max-width: 1024px) 100vw, 1024px\" \/>                                \n                            <\/div>\n                                            <\/div>\n                <\/div>\n            <\/div>\n        <\/div>\n    <\/div>\n            <div class=\"hero-3--bottom-section \"  >\n        <div class=\"breadcrumbs dark-text\">\n\t<div class=\"container\">\n        <div class=\"row\">\n            <div class=\"row__col\">\n                <div class=\"breadcrumbs--inner\">\n                    <ul>\n                                                                                <li>\n                                <a href=\"https:\/\/novare.se\/\" class=\"alt\">\n                                    Novare                                <\/a>\n                            <\/li>\n                            \n\t\t\t                                        <li>\n                                <a href=\"https:\/\/novare.se\/public\/\" class=\"alt\">\n                                                                            Novare Public                                                                    <\/a>\n                            <\/li>\n\t\t\t                                    <li><span class=\"alt\">Chefsrekrytering<\/span><\/li>\n                    <\/ul>\n                <\/div>\n            <\/div>\n        <\/div>\n\t<\/div>\n<\/div>        <\/div>\n    \n    <\/section>\n\n\n<section id=\"one-column-text-block-block_3a493d0d2a97faff1c33fc2e6874f84f\" class=\"block one-column-text-block  m-b bg-default\">\n    <div class=\"container\">\n        <div class=\"row row--middle\">\n                            <div class=\"row__col row__col--lg-8\">\n                    <div class=\"title-wrapper\" data-aos-anchor='#one-column-text-block-block_3a493d0d2a97faff1c33fc2e6874f84f'data-aos='fade-up'data-aos-easing='ease-in-out-sine'data-aos-duration='500'data-aos-delay='0'data-aos-once='true'data-aos-offset='250' >\n                        <h3 class=\"h4 m-0 text-left\">Vi hittar cheferna som g\u00f6r <strong><i>skillnad i offentlig sektor<\/i><\/strong><\/h3>                    <\/div>\n                <\/div>\n                            \n                            <div class=\"row__col row__col--lg-8\" data-aos-anchor='#one-column-text-block-block_3a493d0d2a97faff1c33fc2e6874f84f'data-aos='fade-up'data-aos-easing='ease-in-out-sine'data-aos-duration='500'data-aos-delay='250'data-aos-once='true'data-aos-offset='250'>\n                    <p class=\"preamble m-0\">Novare Public \u00e4r experter p\u00e5 chefsrekrytering inom offentlig sektor. Vi har l\u00e5ng och gedigen erfarenhet av att rekrytera chefer p\u00e5 olika niv\u00e5er och inom en rad olika verksamheter. <\/p>                <\/div>\n            \n                            <div class=\"row__col row__col--lg-8\" data-aos-anchor='#one-column-text-block-block_3a493d0d2a97faff1c33fc2e6874f84f'data-aos='fade-up'data-aos-easing='ease-in-out-sine'data-aos-duration='500'data-aos-delay='250'data-aos-once='true'data-aos-offset='250'>\n                    <div class=\"text-wrapper editor-content\">\n                        <p>V\u00e5ra rekryteringskonsulter har sj\u00e4lva ledarerfarenhet och starka personliga n\u00e4tverk inom offentlig sektor. Det g\u00f6r att du som uppdragsgivare kan k\u00e4nna dig trygg genom hela rekryteringsprocessen och s\u00e4ker p\u00e5 att vi \u00e4r r\u00e4tt rekryteringspartner f\u00f6r just er organisation.<\/p>\n<p>F\u00f6r oss handlar rekrytering om mycket mer \u00e4n att matcha ett CV med en kravprofil. P\u00e5 Novare Public ser vi oss som ambassad\u00f6rer f\u00f6r v\u00e5ra uppdragsgivare. Vi b\u00f6rjar alltid med att noggrant f\u00f6rst\u00e5 era behov, utmaningar och m\u00e5l. Genom en djup insikt i er organisation skapar vi de b\u00e4sta f\u00f6ruts\u00e4ttningarna f\u00f6r att n\u00e5 r\u00e4tt kandidater och uppn\u00e5 l\u00e5ngsiktigt h\u00e5llbara resultat.<\/p>\n<p>&nbsp;<\/p>\n<p>Novare Public har ett omfattande n\u00e4tverk. Inom Novaregruppen m\u00f6ter vi \u00e5rligen omkring 15 000 kandidater, och v\u00e5r kandidatdatabas omfattar \u00f6ver 250 000 personer fr\u00e5n olika branscher, niv\u00e5er och geografier. Det ger oss unika m\u00f6jligheter att skapa tr\u00e4ffs\u00e4kra matchningar. Vi vet att det kr\u00e4vs b\u00e5de erfarenhet och insikt f\u00f6r att hitta er n\u00e4sta chef, och att teamwork \u00e4r nyckeln till framg\u00e5ng.<\/p>\n<p>Med v\u00e5r expertis och v\u00e5ra breda n\u00e4tverk hj\u00e4lper vi er att snabbt och effektivt hitta de b\u00e4sta cheferna och ledarna till er organisation.<\/p>\n                    <\/div>\n                <\/div>\n                            \n            \n                    <\/div>\n    <\/div>\n<\/section>\n\n<section id=\"contact-persons-block_30398cb58c53b69aa270f6857bd770f9\" class=\"block contact-persons  m-b\">\n    <div class=\"container\">\n        <div class=\"row\">\n            <div class=\"row__col row__col--lg-12\">\n                <div class=\"contact-persons--wrapper bg-off-white\">\n                    <div class=\"contact-persons--wrapper--content\" >\n                                                    <div class=\"header-wrapper\" >\n                                <h4 class=\"h4 text-left\"><strong><i>Vill du veta mer?<\/i><\/strong><\/h4>                            <\/div>\n                        \n                                                    <div class=\"text-wrapper\">\n                                <h4>H\u00f6r av dig!<\/h4>\n                            <\/div>\n                        \n                                                                                                <\/div>\n                    <div class=\"contact-persons--wrapper--people\">\n                                                                                    <div class=\"contact-person\" data-aos-anchor='#contact-persons-block_30398cb58c53b69aa270f6857bd770f9'data-aos='fade-right'data-aos-easing='ease-in-out-sine'data-aos-duration='500'data-aos-delay='0'data-aos-once='true'data-aos-offset='250' >\n                                    <div class=\"contact-person--image\">\n                                        <img loading=\"lazy\" decoding=\"async\" width=\"360\" height=\"258\" src=\"https:\/\/novare.se\/public\/wp-content\/uploads\/sites\/6\/2024\/04\/Mitra_Frost_Tiny-360x258.jpg\" class=\"attachment-medium size-medium\" alt=\"Kvinna sitter, b\u00e4r svart kl\u00e4dsel, neutralt beige bakgrund.\" srcset=\"https:\/\/novare.se\/public\/wp-content\/uploads\/sites\/6\/2024\/04\/Mitra_Frost_Tiny-360x258.jpg 360w, https:\/\/novare.se\/public\/wp-content\/uploads\/sites\/6\/2024\/04\/Mitra_Frost_Tiny.jpg 670w\" sizes=\"(max-width: 360px) 100vw, 360px\" \/>                                    <\/div>\n                                    <div class=\"contact-person--details\">\n                                        <div class=\"name-wrapper\">\n                                            <a href=\"https:\/\/novare.se\/public\/medarbetare\/mitra-frost\/\">Mitra Frost<\/a>\n                                        <\/div>\n                                        <div class=\"title-wrapper\">\n                                            <p>Vd och Partner<\/p>\n                                        <\/div>\n                                        <div class=\"email-wrapper\">\n                                            <a href=\"mailto:mitra.frost@novare.se\">mitra.frost@novare.se<\/a>\n                                        <\/div>\n                                        <div class=\"phone-wrapper\">\n                                            <a href=\"tel:+46736409239\">+46 736 40 92 39<\/a>\n                                        <\/div>\n                                    <\/div>\n                                <\/div>\n                                                    <\/div>\n                <\/div>\n            <\/div>\n        <\/div>\n    <\/div>\n<\/section>\n\n\n<section id=\"logo-block-block_576c7baeb9706928ea506e20225713b4\" class=\"block logo-block  m-b \">\n\t\n\t<div class=\"container\">\n\t\t<div class=\"row row--middle bg-secondary bg-opacity-70\">\n\t\t\t<div class=\"overlay overlay--image\" \n\t\t\t>\n\t\t\t\t<div class=\"overlay overlay--color bg-secondary bg-opacity-70\"><\/div>\n\t\t\t<\/div>\n\t\t\t<div class=\"row__col header\">\n\t\t\t\t                \t<div class=\"title-wrapper\">\n                \t    <h3 class=\"h3 text-center\">Vi har tidigare jobbat med:<\/h3>                \t<\/div>\n\n\t\t\t\t\t\t\n                \t\t\t<\/div>\n\t\t\t<div class=\"row__col logo--container\">\n\t\t\t\t\t\t\t\t\t<div class=\"row row--middle\">\n\t\t\t\t\t\t\t\t\t\t\t\t\t<div class=\"row__col logo black\"\n                                 data-aos-delay-xs=\"0\"\n                                 data-aos-delay-sm=\"0\"\n                                 data-aos-delay-md=\"0\"\n                                 data-aos-delay-lg=\"0\"\n                                 data-aos-delay-xl=\"0\"\n                                data-aos-anchor='#logo-block-block_576c7baeb9706928ea506e20225713b4'data-aos='zoom-in'data-aos-easing='ease-in-out-sine'data-aos-duration='500'data-aos-delay='0'data-aos-once='true'data-aos-offset='250'>\n\t\t\t\t\t\t\t\t<img loading=\"lazy\" decoding=\"async\" width=\"1041\" height=\"1182\" src=\"https:\/\/novare.se\/public\/wp-content\/uploads\/sites\/6\/2024\/06\/scb_logotyp_vit_stor.png\" class=\"attachment-full size-full\" alt=\"Stora bokst\u00e4ver &quot;SCB&quot; mot gr\u00f6n bakgrund.\" srcset=\"https:\/\/novare.se\/public\/wp-content\/uploads\/sites\/6\/2024\/06\/scb_logotyp_vit_stor.png 1041w, https:\/\/novare.se\/public\/wp-content\/uploads\/sites\/6\/2024\/06\/scb_logotyp_vit_stor-317x360.png 317w, https:\/\/novare.se\/public\/wp-content\/uploads\/sites\/6\/2024\/06\/scb_logotyp_vit_stor-902x1024.png 902w, https:\/\/novare.se\/public\/wp-content\/uploads\/sites\/6\/2024\/06\/scb_logotyp_vit_stor-768x872.png 768w\" sizes=\"(max-width: 1041px) 100vw, 1041px\" \/>\t\t\t\t\t\t\t<\/div>\n\t\t\t\t\t\t\t\t\t\t\t\t\t\t\t\t\t\t\t<div class=\"row__col logo black\"\n                                 data-aos-delay-xs=\"0\"\n                                 data-aos-delay-sm=\"0\"\n                                 data-aos-delay-md=\"0\"\n                                 data-aos-delay-lg=\"0\"\n                                 data-aos-delay-xl=\"0\"\n                                data-aos-anchor='#logo-block-block_576c7baeb9706928ea506e20225713b4'data-aos='zoom-in'data-aos-easing='ease-in-out-sine'data-aos-duration='500'data-aos-delay='0'data-aos-once='true'data-aos-offset='250'>\n\t\t\t\t\t\t\t\t<img loading=\"lazy\" decoding=\"async\" width=\"1920\" height=\"294\" src=\"https:\/\/novare.se\/public\/wp-content\/uploads\/sites\/6\/2024\/06\/logotypeTopHires.png\" class=\"attachment-full size-full\" alt=\"Texten &quot;LANTM\u00c4TERIET&quot; ovanf\u00f6r svart-r\u00f6d-vit m\u00e4tst\u00e5ngslinje.\" srcset=\"https:\/\/novare.se\/public\/wp-content\/uploads\/sites\/6\/2024\/06\/logotypeTopHires.png 1920w, https:\/\/novare.se\/public\/wp-content\/uploads\/sites\/6\/2024\/06\/logotypeTopHires-360x55.png 360w, https:\/\/novare.se\/public\/wp-content\/uploads\/sites\/6\/2024\/06\/logotypeTopHires-1024x157.png 1024w, https:\/\/novare.se\/public\/wp-content\/uploads\/sites\/6\/2024\/06\/logotypeTopHires-768x118.png 768w, https:\/\/novare.se\/public\/wp-content\/uploads\/sites\/6\/2024\/06\/logotypeTopHires-1536x235.png 1536w\" sizes=\"(max-width: 1920px) 100vw, 1920px\" \/>\t\t\t\t\t\t\t<\/div>\n\t\t\t\t\t\t\t\t\t\t\t\t\t\t\t\t\t\t\t<div class=\"row__col logo black\"\n                                 data-aos-delay-xs=\"400\"\n                                 data-aos-delay-sm=\"400\"\n                                 data-aos-delay-md=\"400\"\n                                 data-aos-delay-lg=\"0\"\n                                 data-aos-delay-xl=\"0\"\n                                data-aos-anchor='#logo-block-block_576c7baeb9706928ea506e20225713b4'data-aos='zoom-in'data-aos-easing='ease-in-out-sine'data-aos-duration='500'data-aos-delay='0'data-aos-once='true'data-aos-offset='250'>\n\t\t\t\t\t\t\t\t<img loading=\"lazy\" decoding=\"async\" width=\"718\" height=\"224\" src=\"https:\/\/novare.se\/public\/wp-content\/uploads\/sites\/6\/2024\/06\/agv_logo_color.png\" class=\"attachment-full size-full\" alt=\"Logotyp med texten &quot;Arbetsgivarverket ARBETSGIVARORGANISATIONEN F\u00d6R STATLIGA ARBETSGIVARE&quot;.\" srcset=\"https:\/\/novare.se\/public\/wp-content\/uploads\/sites\/6\/2024\/06\/agv_logo_color.png 718w, https:\/\/novare.se\/public\/wp-content\/uploads\/sites\/6\/2024\/06\/agv_logo_color-360x112.png 360w\" sizes=\"(max-width: 718px) 100vw, 718px\" \/>\t\t\t\t\t\t\t<\/div>\n\t\t\t\t\t\t\t\t\t\t\t\t\t\t\t\t\t\t\t<div class=\"row__col logo black\"\n                                 data-aos-delay-xs=\"400\"\n                                 data-aos-delay-sm=\"400\"\n                                 data-aos-delay-md=\"400\"\n                                 data-aos-delay-lg=\"0\"\n                                 data-aos-delay-xl=\"0\"\n                                data-aos-anchor='#logo-block-block_576c7baeb9706928ea506e20225713b4'data-aos='zoom-in'data-aos-easing='ease-in-out-sine'data-aos-duration='500'data-aos-delay='0'data-aos-once='true'data-aos-offset='250'>\n\t\t\t\t\t\t\t\t<img loading=\"lazy\" decoding=\"async\" width=\"1490\" height=\"539\" src=\"https:\/\/novare.se\/public\/wp-content\/uploads\/sites\/6\/2024\/06\/Uppsala_kommun_Logo_White_RGB.png\" class=\"attachment-full size-full\" alt=\"Heraldisk symbol visar lejon, texten &quot;Uppsala kommun&quot;.\" srcset=\"https:\/\/novare.se\/public\/wp-content\/uploads\/sites\/6\/2024\/06\/Uppsala_kommun_Logo_White_RGB.png 1490w, https:\/\/novare.se\/public\/wp-content\/uploads\/sites\/6\/2024\/06\/Uppsala_kommun_Logo_White_RGB-360x130.png 360w, https:\/\/novare.se\/public\/wp-content\/uploads\/sites\/6\/2024\/06\/Uppsala_kommun_Logo_White_RGB-1024x370.png 1024w, https:\/\/novare.se\/public\/wp-content\/uploads\/sites\/6\/2024\/06\/Uppsala_kommun_Logo_White_RGB-768x278.png 768w\" sizes=\"(max-width: 1490px) 100vw, 1490px\" \/>\t\t\t\t\t\t\t<\/div>\n\t\t\t\t\t\t\t\t\t\t\t\t\t\t\t\t\t<\/div>\n\t\t\t\t\t\n\n\t\t\t\t\t\t\t<\/div>\n\t\t<\/div>\n\t<\/div>\n<\/section>\n\n<section id=\"faq-block-block_a2c47b3061c6bbf06b2acfe5ea5fce88\" class=\"block faq-block  m-b bg-default\">\n    <div class=\"container\">\n        <div class=\"row\">\n            <div class=\"row__col row__col--lg-6\" data-aos-anchor='#faq-block-block_a2c47b3061c6bbf06b2acfe5ea5fce88'data-aos='fade-up'data-aos-easing='ease-in-out-sine'data-aos-duration='500'data-aos-delay='0'data-aos-once='true'data-aos-offset='250' >\n                <img loading=\"lazy\" decoding=\"async\" width=\"1024\" height=\"945\" src=\"https:\/\/novare.se\/public\/wp-content\/uploads\/sites\/6\/2024\/06\/Novare_sma09_webb-1024x945.jpg\" class=\"media-item\" alt=\"Tre personer samtalar utomhus i vinterkl\u00e4der.\" srcset=\"https:\/\/novare.se\/public\/wp-content\/uploads\/sites\/6\/2024\/06\/Novare_sma09_webb-1024x945.jpg 1024w, https:\/\/novare.se\/public\/wp-content\/uploads\/sites\/6\/2024\/06\/Novare_sma09_webb-360x332.jpg 360w, https:\/\/novare.se\/public\/wp-content\/uploads\/sites\/6\/2024\/06\/Novare_sma09_webb-768x709.jpg 768w, https:\/\/novare.se\/public\/wp-content\/uploads\/sites\/6\/2024\/06\/Novare_sma09_webb.jpg 1300w\" sizes=\"(max-width: 1024px) 100vw, 1024px\" \/>            <\/div>\n            \n            <div class=\"row__col row__col--lg-6\">\n                                    <div class=\"title-wrapper text-medium\" data-aos-anchor='#faq-block-block_a2c47b3061c6bbf06b2acfe5ea5fce88'data-aos='fade-up'data-aos-easing='ease-in-out-sine'data-aos-duration='500'data-aos-delay='300'data-aos-once='true'data-aos-offset='250' >\n                        <h2 class=\"h3 text-left\">Vanliga fr\u00e5gor om chefsrekrytering inom <strong><i>offentlig sektor<\/strong><\/i><\/h2>                    <\/div>\n                                                    \n                                    <div class=\"accordion\">\n                                                    <div class=\"accordion-item\" data-aos-anchor='#faq-block-block_a2c47b3061c6bbf06b2acfe5ea5fce88'data-aos='fade-right'data-aos-easing='ease-in-out-sine'data-aos-duration='500'data-aos-delay='1000'data-aos-once='true'data-aos-offset='250' >\n                                <div class=\"accordion-header\">\n                                    <span class=\"question\">Hur g\u00e5r en chefsrekrytering till hos er?<\/span>\n                                    <i class=\"fa fa-plus\"><\/i><i class=\"fa fa-minus hidden\"><\/i>\n                                <\/div>\n                                <div class=\"accordion-content\" style=\"display: none;\">\n                                    <span class=\"separator\"><\/span>\n                                    Processen inleds med en grundlig behovsanalys d\u00e4r vi s\u00e4tter oss in i organisationens uppdrag, styrning och kontext. D\u00e4refter f\u00f6ljer search, urval, intervjuer och kvalitetss\u00e4kring, alltid anpassat efter offentlig sektors krav p\u00e5 transparens och likabehandling.                                <\/div>\n                            <\/div>\n                                                        <div class=\"accordion-item\" data-aos-anchor='#faq-block-block_a2c47b3061c6bbf06b2acfe5ea5fce88'data-aos='fade-right'data-aos-easing='ease-in-out-sine'data-aos-duration='500'data-aos-delay='1250'data-aos-once='true'data-aos-offset='250' >\n                                <div class=\"accordion-header\">\n                                    <span class=\"question\">Hur l\u00e5ng tid tar en chefsrekrytering inom offentlig sektor?<\/span>\n                                    <i class=\"fa fa-plus\"><\/i><i class=\"fa fa-minus hidden\"><\/i>\n                                <\/div>\n                                <div class=\"accordion-content\" style=\"display: none;\">\n                                    <span class=\"separator\"><\/span>\n                                    Tids\u00e5tg\u00e5ngen varierar beroende p\u00e5 rollens komplexitet och organisationens f\u00f6ruts\u00e4ttningar, men en chefsrekrytering tar vanligtvis mellan 8 och 12 veckor fr\u00e5n uppstart till slutlig tills\u00e4ttning.                                <\/div>\n                            <\/div>\n                                                        <div class=\"accordion-item\" data-aos-anchor='#faq-block-block_a2c47b3061c6bbf06b2acfe5ea5fce88'data-aos='fade-right'data-aos-easing='ease-in-out-sine'data-aos-duration='500'data-aos-delay='1500'data-aos-once='true'data-aos-offset='250' >\n                                <div class=\"accordion-header\">\n                                    <span class=\"question\">Hur arbetar ni med j\u00e4mst\u00e4lldhet och m\u00e5ngfald i rekryteringen?<\/span>\n                                    <i class=\"fa fa-plus\"><\/i><i class=\"fa fa-minus hidden\"><\/i>\n                                <\/div>\n                                <div class=\"accordion-content\" style=\"display: none;\">\n                                    <span class=\"separator\"><\/span>\n                                    Vi arbetar strukturerat och metodiskt f\u00f6r att s\u00e4kerst\u00e4lla inkluderande och kompetensbaserade processer. Det inneb\u00e4r bland annat bred search, objektiva bed\u00f6mningskriterier och kontinuerlig kvalitetss\u00e4kring genom hela rekryteringen.                                <\/div>\n                            <\/div>\n                                                        <div class=\"accordion-item\" data-aos-anchor='#faq-block-block_a2c47b3061c6bbf06b2acfe5ea5fce88'data-aos='fade-right'data-aos-easing='ease-in-out-sine'data-aos-duration='500'data-aos-delay='1750'data-aos-once='true'data-aos-offset='250' >\n                                <div class=\"accordion-header\">\n                                    <span class=\"question\">Hur hittar ni kandidater som inte aktivt s\u00f6ker jobb?<\/span>\n                                    <i class=\"fa fa-plus\"><\/i><i class=\"fa fa-minus hidden\"><\/i>\n                                <\/div>\n                                <div class=\"accordion-content\" style=\"display: none;\">\n                                    <span class=\"separator\"><\/span>\n                                    Genom riktad search, l\u00e5ngsiktiga relationer och ett starkt n\u00e4tverk inom offentlig sektor identifierar vi \u00e4ven erfarna chefer och ledare som inte \u00e4r aktivt arbetss\u00f6kande men \u00f6ppna f\u00f6r r\u00e4tt uppdrag.                                <\/div>\n                            <\/div>\n                                                        <div class=\"accordion-item\" data-aos-anchor='#faq-block-block_a2c47b3061c6bbf06b2acfe5ea5fce88'data-aos='fade-right'data-aos-easing='ease-in-out-sine'data-aos-duration='500'data-aos-delay='2000'data-aos-once='true'data-aos-offset='250' >\n                                <div class=\"accordion-header\">\n                                    <span class=\"question\">Hur s\u00e4kerst\u00e4ller ni att chefen passar b\u00e5de rollen och verksamheten?<\/span>\n                                    <i class=\"fa fa-plus\"><\/i><i class=\"fa fa-minus hidden\"><\/i>\n                                <\/div>\n                                <div class=\"accordion-content\" style=\"display: none;\">\n                                    <span class=\"separator\"><\/span>\n                                    Vi kombinerar djupintervjuer, tester och referenstagning med v\u00e5r erfarenhet av offentlig styrning och ledarskap. Det g\u00f6r att vi kan bed\u00f6ma b\u00e5de formell kompetens, ledarf\u00f6rm\u00e5ga och kulturell matchning.                                <\/div>\n                            <\/div>\n                                                <\/div>\n                            <\/div>\n        <\/div>\n    <\/div>\n<\/section>\n","protected":false},"excerpt":{"rendered":"","protected":false},"author":4,"featured_media":0,"parent":0,"menu_order":0,"comment_status":"closed","ping_status":"closed","template":"","meta":{"_acf_changed":false,"_seopress_robots_primary_cat":"","_seopress_titles_title":"Chefsrekrytering offentlig sektor - novare.se","_seopress_titles_desc":"Novare Public \u00e4r expert p\u00e5 chefsrekrytering inom offentlig sektor med stort n\u00e4tverk och erfarenhet. Vi hittar r\u00e4tt ledare f\u00f6r er organisation.","_seopress_robots_index":"","inline_featured_image":false,"footnotes":""},"class_list":["post-649","page","type-page","status-publish","hentry"],"acf":[],"_links":{"self":[{"href":"https:\/\/novare.se\/public\/wp-json\/wp\/v2\/pages\/649","targetHints":{"allow":["GET"]}}],"collection":[{"href":"https:\/\/novare.se\/public\/wp-json\/wp\/v2\/pages"}],"about":[{"href":"https:\/\/novare.se\/public\/wp-json\/wp\/v2\/types\/page"}],"author":[{"embeddable":true,"href":"https:\/\/novare.se\/public\/wp-json\/wp\/v2\/users\/4"}],"replies":[{"embeddable":true,"href":"https:\/\/novare.se\/public\/wp-json\/wp\/v2\/comments?post=649"}],"version-history":[{"count":16,"href":"https:\/\/novare.se\/public\/wp-json\/wp\/v2\/pages\/649\/revisions"}],"predecessor-version":[{"id":1569,"href":"https:\/\/novare.se\/public\/wp-json\/wp\/v2\/pages\/649\/revisions\/1569"}],"wp:attachment":[{"href":"https:\/\/novare.se\/public\/wp-json\/wp\/v2\/media?parent=649"}],"curies":[{"name":"wp","href":"https:\/\/api.w.org\/{rel}","templated":true}]}}