{"id":296,"date":"2024-05-21T14:47:02","date_gmt":"2024-05-21T14:47:02","guid":{"rendered":"https:\/\/novare.se\/public\/?page_id=296"},"modified":"2026-02-18T15:09:57","modified_gmt":"2026-02-18T15:09:57","slug":"specialistrekrytering","status":"publish","type":"page","link":"https:\/\/novare.se\/public\/specialistrekrytering\/","title":{"rendered":"Specialistrekrytering"},"content":{"rendered":"<section id=\"hero-3-block_b13145c4884746a2e0bb53e6d5dc81d8\" class=\"block hero-3  m-b \">\n    <div class=\"hero-3--top-section bg-primary\">\n                    <div class=\"bg-backdrop\">\n                <div class=\"bg-backdrop--inner\"><\/div>\n            <\/div>\n                <div class=\"container\">\n            <div class=\"row\">\n                <div class=\"row__col\">\n                    <div class=\"text-img-wrapper\">\n                        <div class=\"text-col\" >\n                                                                \n                                <div class=\"title-wrapper\" >\n                                    <h1 class=\"h3 text-left\">Specialistrekrytering <strong><i>inom offentlig sektor<\/i><\/strong><\/h1>                                <\/div>\n                                                            \n                            \n                                                            <div class=\"text-wrapper\" >\n                                    <p>Vi hj\u00e4lper offentliga organisationer att hitta specialister med r\u00e4tt kompetens och erfarenhet. Med djup f\u00f6rst\u00e5else f\u00f6r sektorn och ett starkt n\u00e4tverk s\u00e4kerst\u00e4ller vi en tr\u00e4ffs\u00e4ker och trygg rekryteringsprocess.<\/p>\n                                <\/div>\n                                                            \n                                                            <div class='btn-wrapper'><div class=\"btn-element\" ><a class=\"btn btn--white\" href=\"https:\/\/novare.se\/public\/kontakta-oss\/\"target=\"_self\">Kontakta oss<\/a><\/div><\/div>    \n                                                    <\/div>\n\n                                                    <div class=\"1419 HEROTHREEIMG img-col \"   >\n                            <img loading=\"lazy\" decoding=\"async\" width=\"1024\" height=\"1024\" src=\"https:\/\/novare.se\/public\/wp-content\/uploads\/sites\/6\/2025\/10\/faq_novare1-1024x1024.jpg\" class=\"attachment-large size-large\" alt=\"\" srcset=\"https:\/\/novare.se\/public\/wp-content\/uploads\/sites\/6\/2025\/10\/faq_novare1-1024x1024.jpg 1024w, https:\/\/novare.se\/public\/wp-content\/uploads\/sites\/6\/2025\/10\/faq_novare1-360x360.jpg 360w, https:\/\/novare.se\/public\/wp-content\/uploads\/sites\/6\/2025\/10\/faq_novare1-150x150.jpg 150w, https:\/\/novare.se\/public\/wp-content\/uploads\/sites\/6\/2025\/10\/faq_novare1-768x768.jpg 768w, https:\/\/novare.se\/public\/wp-content\/uploads\/sites\/6\/2025\/10\/faq_novare1.jpg 1080w\" sizes=\"(max-width: 1024px) 100vw, 1024px\" \/>                                \n                            <\/div>\n                                            <\/div>\n                <\/div>\n            <\/div>\n        <\/div>\n    <\/div>\n            <div class=\"hero-3--bottom-section \"  >\n        <div class=\"breadcrumbs dark-text\">\n\t<div class=\"container\">\n        <div class=\"row\">\n            <div class=\"row__col\">\n                <div class=\"breadcrumbs--inner\">\n                    <ul>\n                                                                                <li>\n                                <a href=\"https:\/\/novare.se\/\" class=\"alt\">\n                                    Novare                                <\/a>\n                            <\/li>\n                            \n\t\t\t                                        <li>\n                                <a href=\"https:\/\/novare.se\/public\/\" class=\"alt\">\n                                                                            Novare Public                                                                    <\/a>\n                            <\/li>\n\t\t\t                                    <li><span class=\"alt\">Specialistrekrytering<\/span><\/li>\n                    <\/ul>\n                <\/div>\n            <\/div>\n        <\/div>\n\t<\/div>\n<\/div>        <\/div>\n    \n    <\/section>\n\n\n<section id=\"one-column-text-block-block_bda831d9a7e7279f2e60228a1029f6c2\" class=\"block one-column-text-block  m-b bg-default\">\n    <div class=\"container\">\n        <div class=\"row row--middle\">\n                            <div class=\"row__col row__col--lg-8\">\n                    <div class=\"title-wrapper\" data-aos-anchor='#one-column-text-block-block_bda831d9a7e7279f2e60228a1029f6c2'data-aos='fade-up'data-aos-easing='ease-in-out-sine'data-aos-duration='500'data-aos-delay='0'data-aos-once='true'data-aos-offset='250' >\n                        <h3 class=\"h4 m-0 text-left\">Tillsammans hittar vi <strong><i>specialisterna som g\u00f6r skillnad<\/i><\/strong><\/h3>                    <\/div>\n                <\/div>\n                            \n                            <div class=\"row__col row__col--lg-8\" data-aos-anchor='#one-column-text-block-block_bda831d9a7e7279f2e60228a1029f6c2'data-aos='fade-up'data-aos-easing='ease-in-out-sine'data-aos-duration='500'data-aos-delay='250'data-aos-once='true'data-aos-offset='250'>\n                    <p class=\"preamble m-0\">Vi p\u00e5 Novare Public erbjuder rekryteringsl\u00f6sningar f\u00f6r dig som ska rekrytera specialister inom offentlig sektor. Vi tar ansvar f\u00f6r hela rekryteringsprocessen eller st\u00f6ttar i utvalda delar. Det kan inneb\u00e4ra att v\u00e5ra erfarna researchers arbetar med search som komplement till er process, eller bist\u00e5r med screening och second opinion.<\/p>                <\/div>\n            \n                            <div class=\"row__col row__col--lg-8\" data-aos-anchor='#one-column-text-block-block_bda831d9a7e7279f2e60228a1029f6c2'data-aos='fade-up'data-aos-easing='ease-in-out-sine'data-aos-duration='500'data-aos-delay='250'data-aos-once='true'data-aos-offset='250'>\n                    <div class=\"text-wrapper editor-content\">\n                        <p>De omr\u00e5den d\u00e4r vi framf\u00f6r allt kan hj\u00e4lpa er \u00e4r HR, ekonomi, juridik, IT och Tech. Det g\u00f6r oss till en trygg rekryteringspartner som hj\u00e4lper er att identifiera de b\u00e4sta kandidaterna med r\u00e4tt kompetens och kravprofil f\u00f6r ett tr\u00e4ffs\u00e4kert resultat.<\/p>\n<p>&nbsp;<\/p>\n<p>V\u00e5r expertis \u00e4r bred och str\u00e4cker sig \u00f6ver flera branscher och verksamhetsomr\u00e5den. Novares n\u00e4tverk \u00e4r starkt och vi l\u00e4gger stor vikt vid att bygga l\u00e5ngsiktiga, personliga relationer med kunder och kandidater inom offentlig sektor. Tack vare v\u00e5rt breda och djupa n\u00e4tverk, samt det n\u00e4ra samarbetet mellan Novarebolagen, kan vi snabbt och effektivt hitta r\u00e4tt kompetens som bidrar till att bygga morgondagens l\u00f6sningar &#8211; redan idag.<\/p>\n<p>Med v\u00e5r erfarenhet och v\u00e5rt omfattande n\u00e4tverk \u00e4r vi en p\u00e5litlig samarbetspartner f\u00f6r att hitta de b\u00e4sta specialisterna till er organisation.<\/p>\n                    <\/div>\n                <\/div>\n                            \n            \n                    <\/div>\n    <\/div>\n<\/section>\n\n<section id=\"contact-persons-block_579b73600ba5e3697e6d81e5214f15d7\" class=\"block contact-persons  m-b\">\n    <div class=\"container\">\n        <div class=\"row\">\n            <div class=\"row__col row__col--lg-12\">\n                <div class=\"contact-persons--wrapper bg-off-white\">\n                    <div class=\"contact-persons--wrapper--content\" >\n                                                    <div class=\"header-wrapper\" >\n                                <h4 class=\"h4 text-left\"><strong><i>Vill du veta mer?<\/i><\/strong><\/h4>                            <\/div>\n                        \n                                                    <div class=\"text-wrapper\">\n                                <h4>H\u00f6r av dig!<\/h4>\n                            <\/div>\n                        \n                                                                                                <\/div>\n                    <div class=\"contact-persons--wrapper--people\">\n                                                                                    <div class=\"contact-person\" data-aos-anchor='#contact-persons-block_579b73600ba5e3697e6d81e5214f15d7'data-aos='fade-right'data-aos-easing='ease-in-out-sine'data-aos-duration='500'data-aos-delay='0'data-aos-once='true'data-aos-offset='250' >\n                                    <div class=\"contact-person--image\">\n                                        <img loading=\"lazy\" decoding=\"async\" width=\"360\" height=\"258\" src=\"https:\/\/novare.se\/public\/wp-content\/uploads\/sites\/6\/2024\/04\/Mitra_Frost_Tiny-360x258.jpg\" class=\"attachment-medium size-medium\" alt=\"Kvinna sitter, b\u00e4r svart kl\u00e4dsel, neutralt beige bakgrund.\" srcset=\"https:\/\/novare.se\/public\/wp-content\/uploads\/sites\/6\/2024\/04\/Mitra_Frost_Tiny-360x258.jpg 360w, https:\/\/novare.se\/public\/wp-content\/uploads\/sites\/6\/2024\/04\/Mitra_Frost_Tiny.jpg 670w\" sizes=\"(max-width: 360px) 100vw, 360px\" \/>                                    <\/div>\n                                    <div class=\"contact-person--details\">\n                                        <div class=\"name-wrapper\">\n                                            <a href=\"https:\/\/novare.se\/public\/medarbetare\/mitra-frost\/\">Mitra Frost<\/a>\n                                        <\/div>\n                                        <div class=\"title-wrapper\">\n                                            <p>Vd och Partner<\/p>\n                                        <\/div>\n                                        <div class=\"email-wrapper\">\n                                            <a href=\"mailto:mitra.frost@novare.se\">mitra.frost@novare.se<\/a>\n                                        <\/div>\n                                        <div class=\"phone-wrapper\">\n                                            <a href=\"tel:+46736409239\">+46 736 40 92 39<\/a>\n                                        <\/div>\n                                    <\/div>\n                                <\/div>\n                                                    <\/div>\n                <\/div>\n            <\/div>\n        <\/div>\n    <\/div>\n<\/section>\n\n\n<section id=\"logo-block-block_91c2236aab7b37ee983058861d25c016\" class=\"block logo-block  m-b \">\n\t\n\t<div class=\"container\">\n\t\t<div class=\"row row--middle bg-secondary bg-opacity-70\">\n\t\t\t<div class=\"overlay overlay--image\" \n\t\t\t>\n\t\t\t\t<div class=\"overlay overlay--color bg-secondary bg-opacity-70\"><\/div>\n\t\t\t<\/div>\n\t\t\t<div class=\"row__col header\">\n\t\t\t\t                \t<div class=\"title-wrapper\">\n                \t    <h3 class=\"h3 text-center\">Vi har tidigare jobbat med:<\/h3>                \t<\/div>\n\n\t\t\t\t\t\t\n                \t\t\t<\/div>\n\t\t\t<div class=\"row__col logo--container\">\n\t\t\t\t\t\t\t\t\t<div class=\"row row--middle\">\n\t\t\t\t\t\t\t\t\t\t\t\t\t<div class=\"row__col logo black\"\n                                 data-aos-delay-xs=\"0\"\n                                 data-aos-delay-sm=\"0\"\n                                 data-aos-delay-md=\"0\"\n                                 data-aos-delay-lg=\"0\"\n                                 data-aos-delay-xl=\"0\"\n                                data-aos-anchor='#logo-block-block_91c2236aab7b37ee983058861d25c016'data-aos='zoom-in'data-aos-easing='ease-in-out-sine'data-aos-duration='500'data-aos-delay='0'data-aos-once='true'data-aos-offset='250'>\n\t\t\t\t\t\t\t\t<img loading=\"lazy\" decoding=\"async\" width=\"1041\" height=\"1182\" src=\"https:\/\/novare.se\/public\/wp-content\/uploads\/sites\/6\/2024\/06\/scb_logotyp_vit_stor.png\" class=\"attachment-full size-full\" alt=\"Stora bokst\u00e4ver &quot;SCB&quot; mot gr\u00f6n bakgrund.\" srcset=\"https:\/\/novare.se\/public\/wp-content\/uploads\/sites\/6\/2024\/06\/scb_logotyp_vit_stor.png 1041w, https:\/\/novare.se\/public\/wp-content\/uploads\/sites\/6\/2024\/06\/scb_logotyp_vit_stor-317x360.png 317w, https:\/\/novare.se\/public\/wp-content\/uploads\/sites\/6\/2024\/06\/scb_logotyp_vit_stor-902x1024.png 902w, https:\/\/novare.se\/public\/wp-content\/uploads\/sites\/6\/2024\/06\/scb_logotyp_vit_stor-768x872.png 768w\" sizes=\"(max-width: 1041px) 100vw, 1041px\" \/>\t\t\t\t\t\t\t<\/div>\n\t\t\t\t\t\t\t\t\t\t\t\t\t\t\t\t\t\t\t<div class=\"row__col logo black\"\n                                 data-aos-delay-xs=\"0\"\n                                 data-aos-delay-sm=\"0\"\n                                 data-aos-delay-md=\"0\"\n                                 data-aos-delay-lg=\"0\"\n                                 data-aos-delay-xl=\"0\"\n                                data-aos-anchor='#logo-block-block_91c2236aab7b37ee983058861d25c016'data-aos='zoom-in'data-aos-easing='ease-in-out-sine'data-aos-duration='500'data-aos-delay='0'data-aos-once='true'data-aos-offset='250'>\n\t\t\t\t\t\t\t\t<img loading=\"lazy\" decoding=\"async\" width=\"1920\" height=\"294\" src=\"https:\/\/novare.se\/public\/wp-content\/uploads\/sites\/6\/2024\/06\/logotypeTopHires.png\" class=\"attachment-full size-full\" alt=\"Texten &quot;LANTM\u00c4TERIET&quot; ovanf\u00f6r svart-r\u00f6d-vit m\u00e4tst\u00e5ngslinje.\" srcset=\"https:\/\/novare.se\/public\/wp-content\/uploads\/sites\/6\/2024\/06\/logotypeTopHires.png 1920w, https:\/\/novare.se\/public\/wp-content\/uploads\/sites\/6\/2024\/06\/logotypeTopHires-360x55.png 360w, https:\/\/novare.se\/public\/wp-content\/uploads\/sites\/6\/2024\/06\/logotypeTopHires-1024x157.png 1024w, https:\/\/novare.se\/public\/wp-content\/uploads\/sites\/6\/2024\/06\/logotypeTopHires-768x118.png 768w, https:\/\/novare.se\/public\/wp-content\/uploads\/sites\/6\/2024\/06\/logotypeTopHires-1536x235.png 1536w\" sizes=\"(max-width: 1920px) 100vw, 1920px\" \/>\t\t\t\t\t\t\t<\/div>\n\t\t\t\t\t\t\t\t\t\t\t\t\t\t\t\t\t\t\t<div class=\"row__col logo black\"\n                                 data-aos-delay-xs=\"400\"\n                                 data-aos-delay-sm=\"400\"\n                                 data-aos-delay-md=\"400\"\n                                 data-aos-delay-lg=\"0\"\n                                 data-aos-delay-xl=\"0\"\n                                data-aos-anchor='#logo-block-block_91c2236aab7b37ee983058861d25c016'data-aos='zoom-in'data-aos-easing='ease-in-out-sine'data-aos-duration='500'data-aos-delay='0'data-aos-once='true'data-aos-offset='250'>\n\t\t\t\t\t\t\t\t<img loading=\"lazy\" decoding=\"async\" width=\"718\" height=\"224\" src=\"https:\/\/novare.se\/public\/wp-content\/uploads\/sites\/6\/2024\/06\/agv_logo_color.png\" class=\"attachment-full size-full\" alt=\"Logotyp med texten &quot;Arbetsgivarverket ARBETSGIVARORGANISATIONEN F\u00d6R STATLIGA ARBETSGIVARE&quot;.\" srcset=\"https:\/\/novare.se\/public\/wp-content\/uploads\/sites\/6\/2024\/06\/agv_logo_color.png 718w, https:\/\/novare.se\/public\/wp-content\/uploads\/sites\/6\/2024\/06\/agv_logo_color-360x112.png 360w\" sizes=\"(max-width: 718px) 100vw, 718px\" \/>\t\t\t\t\t\t\t<\/div>\n\t\t\t\t\t\t\t\t\t\t\t\t\t\t\t\t\t\t\t<div class=\"row__col logo black\"\n                                 data-aos-delay-xs=\"400\"\n                                 data-aos-delay-sm=\"400\"\n                                 data-aos-delay-md=\"400\"\n                                 data-aos-delay-lg=\"0\"\n                                 data-aos-delay-xl=\"0\"\n                                data-aos-anchor='#logo-block-block_91c2236aab7b37ee983058861d25c016'data-aos='zoom-in'data-aos-easing='ease-in-out-sine'data-aos-duration='500'data-aos-delay='0'data-aos-once='true'data-aos-offset='250'>\n\t\t\t\t\t\t\t\t<img loading=\"lazy\" decoding=\"async\" width=\"1490\" height=\"539\" src=\"https:\/\/novare.se\/public\/wp-content\/uploads\/sites\/6\/2024\/06\/Uppsala_kommun_Logo_White_RGB.png\" class=\"attachment-full size-full\" alt=\"Heraldisk symbol visar lejon, texten &quot;Uppsala kommun&quot;.\" srcset=\"https:\/\/novare.se\/public\/wp-content\/uploads\/sites\/6\/2024\/06\/Uppsala_kommun_Logo_White_RGB.png 1490w, https:\/\/novare.se\/public\/wp-content\/uploads\/sites\/6\/2024\/06\/Uppsala_kommun_Logo_White_RGB-360x130.png 360w, https:\/\/novare.se\/public\/wp-content\/uploads\/sites\/6\/2024\/06\/Uppsala_kommun_Logo_White_RGB-1024x370.png 1024w, https:\/\/novare.se\/public\/wp-content\/uploads\/sites\/6\/2024\/06\/Uppsala_kommun_Logo_White_RGB-768x278.png 768w\" sizes=\"(max-width: 1490px) 100vw, 1490px\" \/>\t\t\t\t\t\t\t<\/div>\n\t\t\t\t\t\t\t\t\t\t\t\t\t\t\t\t\t<\/div>\n\t\t\t\t\t\n\n\t\t\t\t\t\t\t<\/div>\n\t\t<\/div>\n\t<\/div>\n<\/section>\n\n<section id=\"faq-block-block_98d732841f429155bd3fd6ee84ec7e60\" class=\"block faq-block  m-b bg-default\">\n    <div class=\"container\">\n        <div class=\"row\">\n            <div class=\"row__col row__col--lg-6\" data-aos-anchor='#faq-block-block_98d732841f429155bd3fd6ee84ec7e60'data-aos='fade-up'data-aos-easing='ease-in-out-sine'data-aos-duration='500'data-aos-delay='0'data-aos-once='true'data-aos-offset='250' >\n                <img loading=\"lazy\" decoding=\"async\" width=\"1024\" height=\"945\" src=\"https:\/\/novare.se\/public\/wp-content\/uploads\/sites\/6\/2024\/06\/Novare_sma09_webb-1024x945.jpg\" class=\"media-item\" alt=\"Tre personer samtalar utomhus i vinterkl\u00e4der.\" srcset=\"https:\/\/novare.se\/public\/wp-content\/uploads\/sites\/6\/2024\/06\/Novare_sma09_webb-1024x945.jpg 1024w, https:\/\/novare.se\/public\/wp-content\/uploads\/sites\/6\/2024\/06\/Novare_sma09_webb-360x332.jpg 360w, https:\/\/novare.se\/public\/wp-content\/uploads\/sites\/6\/2024\/06\/Novare_sma09_webb-768x709.jpg 768w, https:\/\/novare.se\/public\/wp-content\/uploads\/sites\/6\/2024\/06\/Novare_sma09_webb.jpg 1300w\" sizes=\"(max-width: 1024px) 100vw, 1024px\" \/>            <\/div>\n            \n            <div class=\"row__col row__col--lg-6\">\n                                    <div class=\"title-wrapper text-medium\" data-aos-anchor='#faq-block-block_98d732841f429155bd3fd6ee84ec7e60'data-aos='fade-up'data-aos-easing='ease-in-out-sine'data-aos-duration='500'data-aos-delay='300'data-aos-once='true'data-aos-offset='250' >\n                        <h2 class=\"h3 text-left\">Vanliga fr\u00e5gor om <i><strong>specialistrekrytering<\/strong><\/i><\/h2>                    <\/div>\n                                                    \n                                    <div class=\"accordion\">\n                                                    <div class=\"accordion-item\" data-aos-anchor='#faq-block-block_98d732841f429155bd3fd6ee84ec7e60'data-aos='fade-right'data-aos-easing='ease-in-out-sine'data-aos-duration='500'data-aos-delay='1000'data-aos-once='true'data-aos-offset='250' >\n                                <div class=\"accordion-header\">\n                                    <span class=\"question\">Hur arbetar vi med specialistrekrytering inom offentlig sektor?<\/span>\n                                    <i class=\"fa fa-plus\"><\/i><i class=\"fa fa-minus hidden\"><\/i>\n                                <\/div>\n                                <div class=\"accordion-content\" style=\"display: none;\">\n                                    <span class=\"separator\"><\/span>\n                                    Vi arbetar strukturerat och kompetensbaserat med fokus p\u00e5 uppdragets krav, verksamhetens kontext och l\u00e5ngsiktig h\u00e5llbarhet. Processen anpassas efter varje organisation och kan omfatta hela eller delar av rekryteringen.                                <\/div>\n                            <\/div>\n                                                        <div class=\"accordion-item\" data-aos-anchor='#faq-block-block_98d732841f429155bd3fd6ee84ec7e60'data-aos='fade-right'data-aos-easing='ease-in-out-sine'data-aos-duration='500'data-aos-delay='1250'data-aos-once='true'data-aos-offset='250' >\n                                <div class=\"accordion-header\">\n                                    <span class=\"question\">Vilka typer av specialistroller tills\u00e4tter vi inom offentlig sektor?<\/span>\n                                    <i class=\"fa fa-plus\"><\/i><i class=\"fa fa-minus hidden\"><\/i>\n                                <\/div>\n                                <div class=\"accordion-content\" style=\"display: none;\">\n                                    <span class=\"separator\"><\/span>\n                                    Vi rekryterar specialister inom exempelvis HR, juridik, IT, ekonomi, samh\u00e4llsbyggnad och verksamhetsutveckling, b\u00e5de till operativa och strategiska roller.                                <\/div>\n                            <\/div>\n                                                        <div class=\"accordion-item\" data-aos-anchor='#faq-block-block_98d732841f429155bd3fd6ee84ec7e60'data-aos='fade-right'data-aos-easing='ease-in-out-sine'data-aos-duration='500'data-aos-delay='1500'data-aos-once='true'data-aos-offset='250' >\n                                <div class=\"accordion-header\">\n                                    <span class=\"question\">Hur s\u00e4kerst\u00e4ller vi r\u00e4tt kompetens och matchning i uppdragen?<\/span>\n                                    <i class=\"fa fa-plus\"><\/i><i class=\"fa fa-minus hidden\"><\/i>\n                                <\/div>\n                                <div class=\"accordion-content\" style=\"display: none;\">\n                                    <span class=\"separator\"><\/span>\n                                    Genom behovsanalys, strukturerade intervjuer och noggrant urval s\u00e4kerst\u00e4ller vi att kandidaternas kompetens, erfarenhet och arbetss\u00e4tt matchar b\u00e5de rollen och organisationens f\u00f6ruts\u00e4ttningar.                                <\/div>\n                            <\/div>\n                                                        <div class=\"accordion-item\" data-aos-anchor='#faq-block-block_98d732841f429155bd3fd6ee84ec7e60'data-aos='fade-right'data-aos-easing='ease-in-out-sine'data-aos-duration='500'data-aos-delay='1750'data-aos-once='true'data-aos-offset='250' >\n                                <div class=\"accordion-header\">\n                                    <span class=\"question\">Hur n\u00e5r vi specialister som inte aktivt s\u00f6ker nya uppdrag?<\/span>\n                                    <i class=\"fa fa-plus\"><\/i><i class=\"fa fa-minus hidden\"><\/i>\n                                <\/div>\n                                <div class=\"accordion-content\" style=\"display: none;\">\n                                    <span class=\"separator\"><\/span>\n                                    Vi arbetar aktivt med search och n\u00e4tverk f\u00f6r att identifiera och kontakta relevanta specialister som inte finns bland aktiva s\u00f6kande, vilket breddar urvalet och \u00f6kar tr\u00e4ffs\u00e4kerheten.                                <\/div>\n                            <\/div>\n                                                        <div class=\"accordion-item\" data-aos-anchor='#faq-block-block_98d732841f429155bd3fd6ee84ec7e60'data-aos='fade-right'data-aos-easing='ease-in-out-sine'data-aos-duration='500'data-aos-delay='2000'data-aos-once='true'data-aos-offset='250' >\n                                <div class=\"accordion-header\">\n                                    <span class=\"question\">N\u00e4r \u00e4r specialistrekrytering ett bra alternativ f\u00f6r offentlig verksamhet?<\/span>\n                                    <i class=\"fa fa-plus\"><\/i><i class=\"fa fa-minus hidden\"><\/i>\n                                <\/div>\n                                <div class=\"accordion-content\" style=\"display: none;\">\n                                    <span class=\"separator\"><\/span>\n                                    Specialistrekrytering \u00e4r s\u00e4rskilt relevant n\u00e4r uppdraget kr\u00e4ver djup sakkunskap, n\u00e4r konkurrensen om kompetens \u00e4r h\u00f6g eller n\u00e4r organisationen beh\u00f6ver extern st\u00f6d i en komplex rekryteringsprocess.                                <\/div>\n                            <\/div>\n                                                <\/div>\n                            <\/div>\n        <\/div>\n    <\/div>\n<\/section>\n","protected":false},"excerpt":{"rendered":"","protected":false},"author":4,"featured_media":0,"parent":0,"menu_order":0,"comment_status":"closed","ping_status":"closed","template":"","meta":{"_acf_changed":false,"_seopress_robots_primary_cat":"","_seopress_titles_title":"Specialistrekrytering offentlig sektor och IT - novare.se","_seopress_titles_desc":"Novare Public erbjuder specialistrekrytering inom offentlig sektor och IT. Vi matchar r\u00e4tt kandidater med r\u00e4tt kravprofil. Kontakta oss idag!","_seopress_robots_index":"","inline_featured_image":false,"footnotes":""},"class_list":["post-296","page","type-page","status-publish","hentry"],"acf":[],"_links":{"self":[{"href":"https:\/\/novare.se\/public\/wp-json\/wp\/v2\/pages\/296","targetHints":{"allow":["GET"]}}],"collection":[{"href":"https:\/\/novare.se\/public\/wp-json\/wp\/v2\/pages"}],"about":[{"href":"https:\/\/novare.se\/public\/wp-json\/wp\/v2\/types\/page"}],"author":[{"embeddable":true,"href":"https:\/\/novare.se\/public\/wp-json\/wp\/v2\/users\/4"}],"replies":[{"embeddable":true,"href":"https:\/\/novare.se\/public\/wp-json\/wp\/v2\/comments?post=296"}],"version-history":[{"count":20,"href":"https:\/\/novare.se\/public\/wp-json\/wp\/v2\/pages\/296\/revisions"}],"predecessor-version":[{"id":1570,"href":"https:\/\/novare.se\/public\/wp-json\/wp\/v2\/pages\/296\/revisions\/1570"}],"wp:attachment":[{"href":"https:\/\/novare.se\/public\/wp-json\/wp\/v2\/media?parent=296"}],"curies":[{"name":"wp","href":"https:\/\/api.w.org\/{rel}","templated":true}]}}