{"id":1419,"date":"2024-07-06T10:36:57","date_gmt":"2024-07-06T10:36:57","guid":{"rendered":"https:\/\/novare.se\/leadership-academy\/?post_type=education&#038;p=1419"},"modified":"2026-04-30T05:44:28","modified_gmt":"2026-04-30T05:44:28","slug":"styrelseutbildning","status":"publish","type":"education","link":"https:\/\/novare.se\/leadership\/utbildningar\/styrelseutbildning\/","title":{"rendered":"Novare Styrelseutbildning"},"content":{"rendered":"<section id=\"hero-3-block_78f8e5080737c6c4a59dc7e66cddabae\" class=\"block hero-3  m-b \">\n    <div class=\"hero-3--top-section bg-terracotta-dark\">\n                    <div class=\"bg-backdrop\">\n                <div class=\"bg-backdrop--inner\"><\/div>\n            <\/div>\n                <div class=\"container\">\n            <div class=\"row\">\n                <div class=\"row__col\">\n                    <div class=\"text-img-wrapper\">\n                        <div class=\"text-col\" >\n                                                                \n                                <div class=\"title-wrapper\" >\n                                    <h1 class=\"h2 text-left\">Novare Styrelseutbildning<\/h1>                                <\/div>\n                                                            \n                            \n                                                            <div class=\"text-wrapper\" >\n                                    <p><strong>The Board Program &#8211; Framg\u00e5ngsrikt Styrelsearbete<\/strong><\/p>\n<p>\u00e4r en 3-dagars styrelseutbildning, riktar sig till dig som b\u00e5de \u00e4r intresserad av styrelsearbete och vill verka genom en styrelse. Kanske har du redan styrelseuppdrag idag eller vill kunna ta ett s\u00e5dant senare.<\/p>\n<p>&nbsp;<\/p>\n<p><img loading=\"lazy\" decoding=\"async\" class=\"alignnone wp-image-6830 \" src=\"https:\/\/novare.se\/leadership\/wp-content\/uploads\/sites\/8\/2024\/07\/Novare_Board_white-360x131.png\" alt=\"\" width=\"181\" height=\"66\" srcset=\"https:\/\/novare.se\/leadership\/wp-content\/uploads\/sites\/8\/2024\/07\/Novare_Board_white-360x131.png 360w, https:\/\/novare.se\/leadership\/wp-content\/uploads\/sites\/8\/2024\/07\/Novare_Board_white-1024x374.png 1024w, https:\/\/novare.se\/leadership\/wp-content\/uploads\/sites\/8\/2024\/07\/Novare_Board_white-768x281.png 768w, https:\/\/novare.se\/leadership\/wp-content\/uploads\/sites\/8\/2024\/07\/Novare_Board_white-1536x561.png 1536w, https:\/\/novare.se\/leadership\/wp-content\/uploads\/sites\/8\/2024\/07\/Novare_Board_white-2048x748.png 2048w\" sizes=\"(max-width: 181px) 100vw, 181px\" \/><\/p>\n                                <\/div>\n                                                            \n                                                            <div class='btn-wrapper'><div class=\"btn-element\" ><a class=\"btn btn--white\" href=\"#submit\"target=\"_self\">Till anm\u00e4lan<\/a><\/div><\/div>    \n                                                    <\/div>\n\n                                                    <div class=\"1481 HEROTHREEIMG img-col \"   >\n                            <img loading=\"lazy\" decoding=\"async\" width=\"1024\" height=\"756\" src=\"https:\/\/novare.se\/leadership\/wp-content\/uploads\/sites\/8\/2024\/06\/styrelseutbildning-4-1024x756.jpg\" class=\"attachment-large size-large\" alt=\"Kvinna h\u00e5ller &quot;Novare&quot;-kort, samtalar vid konferensbord med kollegor.\" srcset=\"https:\/\/novare.se\/leadership\/wp-content\/uploads\/sites\/8\/2024\/06\/styrelseutbildning-4-1024x756.jpg 1024w, https:\/\/novare.se\/leadership\/wp-content\/uploads\/sites\/8\/2024\/06\/styrelseutbildning-4-360x266.jpg 360w, https:\/\/novare.se\/leadership\/wp-content\/uploads\/sites\/8\/2024\/06\/styrelseutbildning-4-768x567.jpg 768w, https:\/\/novare.se\/leadership\/wp-content\/uploads\/sites\/8\/2024\/06\/styrelseutbildning-4-1536x1133.jpg 1536w, https:\/\/novare.se\/leadership\/wp-content\/uploads\/sites\/8\/2024\/06\/styrelseutbildning-4-2048x1511.jpg 2048w\" sizes=\"(max-width: 1024px) 100vw, 1024px\" \/>                                \n                            <\/div>\n                                            <\/div>\n                <\/div>\n            <\/div>\n        <\/div>\n    <\/div>\n            <div class=\"hero-3--bottom-section \"  >\n        <div class=\"breadcrumbs dark-text\">\n\t<div class=\"container\">\n        <div class=\"row\">\n            <div class=\"row__col\">\n                <div class=\"breadcrumbs--inner\">\n                    <ul>\n                                                                                <li>\n                                <a href=\"https:\/\/novare.se\/\" class=\"alt\">\n                                    Novare                                <\/a>\n                            <\/li>\n                            \n\t\t\t                                        <li>\n                                <a href=\"https:\/\/novare.se\/leadership\/\" class=\"alt\">\n                                                                            Novare Leadership                                                                    <\/a>\n                            <\/li>\n\t\t\t                                    <li><span class=\"alt\">Novare Styrelseutbildning<\/span><\/li>\n                    <\/ul>\n                <\/div>\n            <\/div>\n        <\/div>\n\t<\/div>\n<\/div>        <\/div>\n    \n    <section class=\"block share m-0\"><div class=\"container\"><div class=\"row social-share--container\"><div class=\"row__col social-share--label text-medium\">Share:<\/div><div class=\"row__col social-share--items\"><ul class=\"social-share-items\"><li><a href=\"mailto:?body=https%3A%2F%2Fnovare.se%2Fleadership%2Futbildningar%2Fstyrelseutbildning%2F\" target=\"_blank\" rel=\"noopener noreferrer\"><i class=\"fa-solid fa-envelope\"><\/i><\/a><\/li><li><a href=\"https:\/\/twitter.com\/intent\/tweet?text=Novare%20Styrelseutbildning&#038;url=https%3A%2F%2Fnovare.se%2Fleadership%2Futbildningar%2Fstyrelseutbildning%2F&#038;via=WhistleB\" target=\"_blank\" rel=\"noopener noreferrer\"><i class=\"fa-brands fa-twitter\"><\/i><\/a><\/li><li><a href=\"https:\/\/www.linkedin.com\/shareArticle?mini=true&#038;url=https%3A%2F%2Fnovare.se%2Fleadership%2Futbildningar%2Fstyrelseutbildning%2F&#038;title=Novare%20Styrelseutbildning\" target=\"_blank\" rel=\"noopener noreferrer\"><i class=\"fa-brands fa-linkedin-in\"><\/i><\/a><\/li><li><a href=\"https:\/\/www.facebook.com\/sharer\/sharer.php?u=https%3A%2F%2Fnovare.se%2Fleadership%2Futbildningar%2Fstyrelseutbildning%2F\" target=\"_blank\" rel=\"noopener noreferrer\"><i class=\"fa-brands fa-facebook-f\"><\/i><\/a><\/li><\/ul><\/div><\/div><\/div><\/section><\/section>\n\n\n<section id=\"quick-facts-block_b1a1a36f495d85ec83c6f453f6e8e775\" class=\"block quick-facts  m-b\">\n\t<div class=\"container\">\n\t\t<div class=\"row\">\n\t\t\t<div class=\"row__col row__col--lg-8 left-side\">\n\t\t\t\t\t\t\t\t\t<div class=\"content\">\n\t\t\t\t\t\t<h3>The Board Program \u2013 Framg\u00e5ngsrikt styrelsearbete<\/h3>\n<p><strong>The Board Program \u2013 Framg\u00e5ngsrikt styrelsearbete<\/strong> \u00e4r en tredagars styrelseutbildning som tar avstamp i det nutida och moderna styrelsearbetet och riktar sig till dig som b\u00e5de \u00e4r intresserad av styrelsearbete och vill verka genom en styrelse. Kanske har du redan styrelseuppdrag idag eller vill kunna ta ett s\u00e5dant senare. Styrelseutbildningen \u00e4r ocks\u00e5 intressant f\u00f6r \u00e4gare som vill driva ett effektivt styrelsearbete och\/eller tills\u00e4tta externa styrelseledam\u00f6ter eller som vill f\u00f6rbereda medarbetare till att kunna ta styrelseuppdrag i dotter- och innehavsbolag.<\/p>\n<p>I denna styrelseutbildning fokuserar vi p\u00e5 allt du beh\u00f6ver k\u00e4nna till f\u00f6r att vara en kompetent och trygg styrelseledamot i styrelserummet, och kunna bidra till f\u00f6retagets utveckling. V\u00e5r styrelseutbildning omfamnar och tar avstamp i ett ESG \u2013 Environment-Social-Governance \u2013 perspektiv.<\/p>\n<p>&nbsp;<\/p>\n<p><strong>Ytterligare f\u00f6rdelar med programmet<\/strong><br \/>\nUtbildningen avslutas med Certificate of Completion fr\u00e5n Novare Board Programs samt medlemskap i Novare Board Network. Som medlem i Novare Board Network erbjuds du 20% rabatt p\u00e5 kommande utbildningar hos Novare Leadership.<\/p>\n<p><strong>Novare Board Network<\/strong><br \/>\nSom deltagare i v\u00e5ra styrelseutbildningar erbjuds du alltid medlemskap i Novare Board Network d\u00e4r du f\u00f6rl\u00e4nger nyttan av utbildningen genom en m\u00f6tesplattform f\u00f6r hela ditt yrkesliv. Genom v\u00e5ra \u00f6vriga verksamheter i Novare Leadership Academy och Novare koncernen i stort vill vi alltid bidra till livsl\u00e5ngt l\u00e4rande och st\u00e4ndig utveckling.<\/p>\n<p><strong>Mer i v\u00e5rt erbjudande till dig<\/strong><br \/>\nDu f\u00e5r ocks\u00e5 m\u00f6jlighet att tr\u00e4ffa en Senior konsult fr\u00e5n Novare Executive Search med gedigen erfarenhet och fokus p\u00e5 Styrelsetills\u00e4ttningar. Under m\u00f6tet f\u00e5r du en unik chans att st\u00e4mma av din kompetens mot marknadens behov och resonera om din personliga profil. Vi kontaktar dig f\u00f6re programstart f\u00f6r att boka m\u00f6tet.<\/p>\n\t\t\t\t\t<\/div>\n\t\t\t\t\t\t\t<\/div>\n\t\t\t<div class=\"row__col row__col--lg-4 right-side\">\n\t\t\t\t\t\t\t\t\t<div class=\"quick-facts bg-terracotta-deep\">\n\t\t\t\t\t\t<div class=\"content\">\n\t\t\t\t\t\t\t\t\t\t\t\t\t\t\t\t\t\t\t\t\t\t\t<div class=\"fact\">\n\t\t\t\t\t\t\t\t\t\t\t\t\t\t\t\t\t\t\t<div class=\"fact--title\">\n\t\t\t\t\t\t\t\t\t\t\t<h5 class=\"m-0\">Omfattning<\/h5>\n\t\t\t\t\t\t\t\t\t\t<\/div>\n\t\t\t\t\t\t\t\t\t\t\t\t\t\t\t\t\t\t\t\t\t\t\t\t\t\t\t\t<div class=\"fact--value\">\n\t\t\t\t\t\t\t\t\t\t\t\t\t\t\t\t\t\t\t\t\t\t\t3 dagar\t\t\t\t\t\t\t\t\t\t\t\t\t\t\t\t\t\t\t\t\t<\/div>\n\t\t\t\t\t\t\t\t\t\t\t\t\t\t\t\t\t<\/div>\n\t\t\t\t\t\t\t\t\t\t\t\t\t\t\t\t\t\t\t\t\t\t\t<div class=\"fact\">\n\t\t\t\t\t\t\t\t\t\t\t\t\t\t\t\t\t\t\t<div class=\"fact--title\">\n\t\t\t\t\t\t\t\t\t\t\t<h5 class=\"m-0\">Pris<\/h5>\n\t\t\t\t\t\t\t\t\t\t<\/div>\n\t\t\t\t\t\t\t\t\t\t\t\t\t\t\t\t\t\t\t\t\t\t\t\t\t\t\t\t<div class=\"fact--value\">\n\t\t\t\t\t\t\t\t\t\t\t\t\t\t\t\t\t\t\t\t\t\t\t39 900 SEK ex moms\t\t\t\t\t\t\t\t\t\t\t\t\t\t\t\t\t\t\t\t\t<\/div>\n\t\t\t\t\t\t\t\t\t\t\t\t\t\t\t\t\t<\/div>\n\t\t\t\t\t\t\t\t\t\t\t\t\t\t\t\t\t\t\t\t\t\t\t<div class=\"fact\">\n\t\t\t\t\t\t\t\t\t\t\t\t\t\t\t\t\t\t\t<div class=\"fact--title\">\n\t\t\t\t\t\t\t\t\t\t\t<h5 class=\"m-0\">Lokal<\/h5>\n\t\t\t\t\t\t\t\t\t\t<\/div>\n\t\t\t\t\t\t\t\t\t\t\t\t\t\t\t\t\t\t\t\t\t\t\t\t\t\t\t\t<div class=\"fact--value\">\n\t\t\t\t\t\t\t\t\t\t\t\t\t\t\t\t\t\t\t\t\t\t\tBlasieholmen, Stockholm\t\t\t\t\t\t\t\t\t\t\t\t\t\t\t\t\t\t\t\t\t<\/div>\n\t\t\t\t\t\t\t\t\t\t\t\t\t\t\t\t\t<\/div>\n\t\t\t\t\t\t\t\t\t\t\t\t\t\t\t\t\t\t\t\t\t\t\t<div class=\"fact\">\n\t\t\t\t\t\t\t\t\t\t\t\t\t\t\t\t\t\t\t<div class=\"fact--title\">\n\t\t\t\t\t\t\t\t\t\t\t<h5 class=\"m-0\">Antal deltagare<\/h5>\n\t\t\t\t\t\t\t\t\t\t<\/div>\n\t\t\t\t\t\t\t\t\t\t\t\t\t\t\t\t\t\t\t\t\t\t\t\t\t\t\t\t<div class=\"fact--value\">\n\t\t\t\t\t\t\t\t\t\t\t\t\t\t\t\t\t\t\t\t\t\t\t15-20 deltagare\t\t\t\t\t\t\t\t\t\t\t\t\t\t\t\t\t\t\t\t\t<\/div>\n\t\t\t\t\t\t\t\t\t\t\t\t\t\t\t\t\t<\/div>\n\t\t\t\t\t\t\t\t\t\t\t\t\t\t\t\t\t\t\t\t\t\t\t<div class=\"fact\">\n\t\t\t\t\t\t\t\t\t\t\t\t\t\t\t\t\t\t\t<div class=\"fact--title\">\n\t\t\t\t\t\t\t\t\t\t\t<h5 class=\"m-0\">Datum<\/h5>\n\t\t\t\t\t\t\t\t\t\t<\/div>\n\t\t\t\t\t\t\t\t\t\t\t\t\t\t\t\t\t\t\t\t\t\t\t\t\t\t\t\t<div class=\"fact--value\">\n\t\t\t\t\t\t\t\t\t\t\t\t\t\t\t\t\t\t\t\t\t\t\t\t\t\t\t\t\t\t\t\t\t\t\t\t<span>20-22 april 2026 &#8211; FULLBOKAD<\/span>\n\t\t\t\t\t\t\t\t\t\t\t\t\t\t\t\t\t\t\t\t\t\t\t\t\t<span>5-7 maj 2026<\/span>\n\t\t\t\t\t\t\t\t\t\t\t\t\t\t\t\t\t\t\t\t\t\t\t\t\t<span>27-29 maj 2026 (in English)<\/span>\n\t\t\t\t\t\t\t\t\t\t\t\t\t\t\t\t\t\t\t\t\t\t\t\t\t<span>8-10 juni 2026<\/span>\n\t\t\t\t\t\t\t\t\t\t\t\t\t\t\t\t\t\t\t\t\t\t\t\t\t<span>24-26 augusti 2026<\/span>\n\t\t\t\t\t\t\t\t\t\t\t\t\t\t\t\t\t\t\t\t\t\t\t\t\t\t\t\t\t\t\t\t\t<\/div>\n\t\t\t\t\t\t\t\t\t\t\t\t\t\t\t\t\t<\/div>\n\t\t\t\t\t\t\t\t\t\t\t\t\t\t\t\t\t\t\t\t\t\t\t<div class=\"fact\">\n\t\t\t\t\t\t\t\t\t\t\t\t\t\t\t\t\t\t\t<div class=\"fact--title\">\n\t\t\t\t\t\t\t\t\t\t\t<h5 class=\"m-0\">Tid<\/h5>\n\t\t\t\t\t\t\t\t\t\t<\/div>\n\t\t\t\t\t\t\t\t\t\t\t\t\t\t\t\t\t\t\t\t\t\t\t\t\t\t\t\t<div class=\"fact--value\">\n\t\t\t\t\t\t\t\t\t\t\t\t\t\t\t\t\t\t\t\t\t\t\t\t\t\t\t\t\t\t\t\t\t\t\t\t<span>kl 9.00-17.00 samt 9.00-16.00 sista dagen<\/span>\n\t\t\t\t\t\t\t\t\t\t\t\t\t\t\t\t\t\t\t\t\t\t\t\t\t\t\t\t\t\t\t\t\t<\/div>\n\t\t\t\t\t\t\t\t\t\t\t\t\t\t\t\t\t<\/div>\n\t\t\t\t\t\t\t\t\t\t\t\t\t\t\t\t\t\t\t\t\t\t\t<div class=\"fact\">\n\t\t\t\t\t\t\t\t\t\t\t\t\t\t\t\t\t\t\t\t\t\t\t\t\t\t\t\t<div class=\"fact--value\">\n\t\t\t\t\t\t\t\t\t\t\t\t\t\t\t\t\t\t\t\t\t\t\tRing eller maila om du vill vara med p\u00e5 v\u00e4ntelista!\r\n\r\nProgrammet ges ocks\u00e5 skr\u00e4ddarsytt f\u00f6r separat bolag och styrelse\t\t\t\t\t\t\t\t\t\t\t\t\t\t\t\t\t\t\t\t\t<\/div>\n\t\t\t\t\t\t\t\t\t\t\t\t\t\t\t\t\t<\/div>\n\t\t\t\t\t\t\t\t\t\t\t\t\t<\/div>\n\t\t\t\t\t\t\t\t\t\t\t\t\t\t\t\t\t\t\t<div class='btn-wrapper btn-wrapper--left'><div class=\"btn-element\" ><a class=\"btn btn--white\" href=\"#submit\"target=\"_self\">Anm\u00e4l dig<\/a><\/div><\/div>                    \t\t\t\t\t<\/div>\n\t\t\t\t\t\t\t<\/div>\n\t\t<\/div>\n\t<\/div>\n<\/section>\n\n<section id=\"content-block_ca19e438d6596b2bbbd2a6c6dadbadb3\" class=\"block content  m-b bg-default\">\n    <div class=\"container container--narrow\">\n        <div class=\"row\">\n            <div class=\"row__col\">\n                                    <div class=\"text-wrapper editor-content\"  >\n                        <div class=\"quote-wrapper aos-init aos-animate\" data-aos-anchor=\"#blockquote-block_5fe6b425e56d7f536f76e67ffc42bba5\" data-aos=\"fade-in\" data-aos-easing=\"ease-in-out-sine\" data-aos-duration=\"500\" data-aos-delay=\"300\" data-aos-once=\"true\" data-aos-offset=\"250\">\n<h5><strong><em>&#8221;Kursen ger en mycket bra inblick i styrelsearbete, b\u00e5de ur ett teoretiskt och ett praktiskt perspektiv och erbjuder en god m\u00f6jlighet till fortsatt n\u00e4tverksbyggande. Rekommenderar den varmt f\u00f6r b\u00e5de blivande och redan aktiva styrelsemedlemmar.&#8221;<\/em><\/strong><\/h5>\n<\/div>\n<div class=\"name text-regular aos-init aos-animate\" data-aos-anchor=\"#blockquote-block_5fe6b425e56d7f536f76e67ffc42bba5\" data-aos=\"fade-in\" data-aos-easing=\"ease-in-out-sine\" data-aos-duration=\"500\" data-aos-delay=\"600\" data-aos-once=\"true\" data-aos-offset=\"250\">\u2013 Magnus Dalhammar, Head of Investor Relations, Investor AB<\/div>\n                    <\/div>\n                    \t\t\t\t\t\t                                                <\/div>\n        <\/div>\n    <\/div>\n<\/section>\n\n<section id=\"image-video-text-block_107e4b46583d39f0ebfd8ba8ca374971\" class=\"block image-video-text  m-b bg-terracotta-dark\">\n    <div class=\"container\">\n        <div class=\"row image-left\">\n            <div class=\"row__col row__col--md-6 media-item\">\n                                    <div class=\"image-wrapper\"  >\n                        <img loading=\"lazy\" decoding=\"async\" width=\"1024\" height=\"512\" src=\"https:\/\/novare.se\/leadership\/wp-content\/uploads\/sites\/8\/2024\/06\/styrelseutbildning-1-1024x512.jpg\" class=\"media-item\" alt=\"Hand signerar dokument p\u00e5 bord, bredvid observant person.\" srcset=\"https:\/\/novare.se\/leadership\/wp-content\/uploads\/sites\/8\/2024\/06\/styrelseutbildning-1-1024x512.jpg 1024w, https:\/\/novare.se\/leadership\/wp-content\/uploads\/sites\/8\/2024\/06\/styrelseutbildning-1-360x180.jpg 360w, https:\/\/novare.se\/leadership\/wp-content\/uploads\/sites\/8\/2024\/06\/styrelseutbildning-1-768x384.jpg 768w, https:\/\/novare.se\/leadership\/wp-content\/uploads\/sites\/8\/2024\/06\/styrelseutbildning-1-1536x768.jpg 1536w, https:\/\/novare.se\/leadership\/wp-content\/uploads\/sites\/8\/2024\/06\/styrelseutbildning-1.jpg 2048w\" sizes=\"(max-width: 1024px) 100vw, 1024px\" \/>                    <\/div>\n                                            <\/div>\n\n            <div class=\"row__col row__col--md-6 content\"  >\n                                    <div class=\"title-wrapper\" >\n                        <h3 class=\"h3 text-left\">Ur <strong><i>programmet<\/i><\/strong><\/h3>                    <\/div>\n                                                                        <div class=\"text-wrapper editor-content\" >\n                    <ul>\n<li>Styrelsens uppgifter<\/li>\n<li>Aktiebolagslagen och dess inneb\u00f6rd f\u00f6r styrelsen<\/li>\n<li>Bolagsstyrning<\/li>\n<li>Svensk Kod f\u00f6r Bolagsstyrning, en \u00f6verblick<\/li>\n<li>Delegation och annan ansvarf\u00f6rdelning<\/li>\n<li>Skadest\u00e5ndsansvar och annat personligt ansvar f\u00f6r enskild styrelseledamot<\/li>\n<li>Ers\u00e4ttningar och regelverk<\/li>\n<li>Ekonomi f\u00f6r styrelsen: att driva l\u00f6nsam tillv\u00e4xt<\/li>\n<li>Att v\u00e4xa i finansiell balans<\/li>\n<li>Viktiga KPIer<\/li>\n<li>VD rekrytering<\/li>\n<li>People &amp; Culture p\u00e5 styrelsens agenda<\/li>\n<li>S\u00e4kerhet p\u00e5 styrelsens agenda<\/li>\n<li>H\u00e5llbarhetsfr\u00e5gorna och CSRD i styrelsen<\/li>\n<li>Praktiska tips f\u00f6r ett effektivt styrelsearbete<\/li>\n<li>G\u00e4stf\u00f6rel\u00e4sningar av ledande styrelsepersoner<\/li>\n<\/ul>\n                    <\/div>\n                                                                                <\/div>\n        <\/div>\n    <\/div>\n<\/section>\n\n\n<section id=\"content-block_1ec12406d9733b5ae3f71d3272a8238a\" class=\"block content  m-b bg-white\">\n    <div class=\"container container--narrow\">\n        <div class=\"row\">\n            <div class=\"row__col\">\n                                    <div class=\"text-wrapper editor-content\"  >\n                        <div class=\"quote-wrapper aos-init aos-animate\" data-aos-anchor=\"#blockquote-block_ea6555d2f8ced7c503d5d1e0a7857c89\" data-aos=\"fade-in\" data-aos-easing=\"ease-in-out-sine\" data-aos-duration=\"500\" data-aos-delay=\"300\" data-aos-once=\"true\" data-aos-offset=\"250\">\n<h5><strong><em>&#8221;Ni har verkligen lyckats med helheten som bygger p\u00e5 tunga kunskaps baserade individer. Programmet ger en v\u00e4ldigt positiv inblick I Novare\u2019s kultur vilket \u00e4r en inspiration i sig sj\u00e4lv\u2026 mersmak.&#8221;<\/em><\/strong><\/h5>\n<\/div>\n<div class=\"name text-regular aos-init aos-animate\" data-aos-anchor=\"#blockquote-block_ea6555d2f8ced7c503d5d1e0a7857c89\" data-aos=\"fade-in\" data-aos-easing=\"ease-in-out-sine\" data-aos-duration=\"500\" data-aos-delay=\"600\" data-aos-once=\"true\" data-aos-offset=\"250\">\u2013 Ulrika Andersson, EVP Strategic Project &amp; MA, Perstorp AB<\/div>\n                    <\/div>\n                    \t\t\t\t\t\t                                                <\/div>\n        <\/div>\n    <\/div>\n<\/section>\n\n<section id=\"persons-listing-block_fcfa7d79896a334f4e8189d7679557c6\" class=\"block persons-listing  m-b bg-off-white\">\n    <div class=\"container\">\n        <div class=\"row\">\n            <div class=\"row__col row__col--lg-12\">\n                                    <div class=\"header-wrapper\"  >\n                        <h3 class=\"h3 text-left\">V\u00e5ra <strong><i>f\u00f6rel\u00e4sare<\/i><\/strong><\/h3>                    <\/div>\n                \n                \n                <div class=\"persons-list\">\n                                            <div class=\"person  \"\n                             data-aos-delay-xs=\"0\"\n                             data-aos-delay-sm=\"0\"\n                             data-aos-delay-md=\"0\"\n                             data-aos-delay-lg=\"0\"\n                             data-aos-delay-xl=\"0\"\n                                                    >\n                            <div class=\"person--img\">\n                        <img loading=\"lazy\" decoding=\"async\" width=\"768\" height=\"543\" src=\"https:\/\/novare.se\/leadership\/wp-content\/uploads\/sites\/8\/2024\/06\/urban-bavestam-768x543.jpg\" class=\"attachment-medium_large size-medium_large\" alt=\"Man i kostym st\u00e5r utomhus framf\u00f6r glasv\u00e4ggar och d\u00f6rrar.\" srcset=\"https:\/\/novare.se\/leadership\/wp-content\/uploads\/sites\/8\/2024\/06\/urban-bavestam-768x543.jpg 768w, https:\/\/novare.se\/leadership\/wp-content\/uploads\/sites\/8\/2024\/06\/urban-bavestam-360x255.jpg 360w, https:\/\/novare.se\/leadership\/wp-content\/uploads\/sites\/8\/2024\/06\/urban-bavestam-1024x724.jpg 1024w, https:\/\/novare.se\/leadership\/wp-content\/uploads\/sites\/8\/2024\/06\/urban-bavestam-1536x1086.jpg 1536w, https:\/\/novare.se\/leadership\/wp-content\/uploads\/sites\/8\/2024\/06\/urban-bavestam.jpg 1574w\" sizes=\"(max-width: 768px) 100vw, 768px\" \/>                            <\/div>\n                            <div class=\"person--details\">\n                                <p class=\"name h5\">Urban B\u00e5vestam <\/p>\n                                <p class=\"title subtitle\">Programledare<\/p>\n                                                                    <div class=\"about\">\n                                        Urban B\u00e5vestam \u00e4r advokat p\u00e5 Lindahls Advokatbyr\u00e5 i Stockholm. Han \u00e4r specialiserad p\u00e5 aktiebolagsr\u00e4tt och tvistl\u00f6sning. Han bitr\u00e4der styrelser med l\u00f6pande r\u00e5dgivning och utses regelbundet till ordf\u00f6rande p\u00e5 bolagsst\u00e4mmor. \n                                    <\/div>\n                                                                                            <\/div>\n                        <\/div>\n                                                                    <div class=\"person  \"\n                             data-aos-delay-xs=\"250\"\n                             data-aos-delay-sm=\"0\"\n                             data-aos-delay-md=\"0\"\n                             data-aos-delay-lg=\"0\"\n                             data-aos-delay-xl=\"0\"\n                                                    >\n                            <div class=\"person--img\">\n                        <img loading=\"lazy\" decoding=\"async\" width=\"591\" height=\"400\" src=\"https:\/\/novare.se\/leadership\/wp-content\/uploads\/sites\/8\/2024\/06\/hans-straberg-1.jpg\" class=\"attachment-medium_large size-medium_large\" alt=\"Man med glas\u00f6gon b\u00e4r kostym, st\u00e5r mot gr\u00e5 bakgrund.\" srcset=\"https:\/\/novare.se\/leadership\/wp-content\/uploads\/sites\/8\/2024\/06\/hans-straberg-1.jpg 591w, https:\/\/novare.se\/leadership\/wp-content\/uploads\/sites\/8\/2024\/06\/hans-straberg-1-360x244.jpg 360w\" sizes=\"(max-width: 591px) 100vw, 591px\" \/>                            <\/div>\n                            <div class=\"person--details\">\n                                <p class=\"name h5\">Hans Stra\u030aberg <\/p>\n                                <p class=\"title subtitle\">G\u00e4stf\u00f6rel\u00e4sare<\/p>\n                                                                    <div class=\"about\">\n                                        Hans Str\u00e5berg, vinnare av Guldklubban 2019, Styrelseordf\u00f6rande Atlas Copco, SKF, Anocca och Roxtec, styrelseledamot Investor AB och Mellby G\u00e5rd. Hans var \u00e4ven tidigare VD och koncernchef f\u00f6r Electrolux. \n                                    <\/div>\n                                                                                            <\/div>\n                        <\/div>\n                                                                    <div class=\"person  \"\n                             data-aos-delay-xs=\"500\"\n                             data-aos-delay-sm=\"250\"\n                             data-aos-delay-md=\"250\"\n                             data-aos-delay-lg=\"0\"\n                             data-aos-delay-xl=\"0\"\n                                                    >\n                            <div class=\"person--img\">\n                        <img loading=\"lazy\" decoding=\"async\" width=\"768\" height=\"627\" src=\"https:\/\/novare.se\/leadership\/wp-content\/uploads\/sites\/8\/2024\/06\/Hanna-Setterberg-e1719234627950-768x627.jpg\" class=\"attachment-medium_large size-medium_large\" alt=\"Hanna Setterberg\" srcset=\"https:\/\/novare.se\/leadership\/wp-content\/uploads\/sites\/8\/2024\/06\/Hanna-Setterberg-e1719234627950-768x627.jpg 768w, https:\/\/novare.se\/leadership\/wp-content\/uploads\/sites\/8\/2024\/06\/Hanna-Setterberg-e1719234627950-360x294.jpg 360w, https:\/\/novare.se\/leadership\/wp-content\/uploads\/sites\/8\/2024\/06\/Hanna-Setterberg-e1719234627950.jpg 996w\" sizes=\"(max-width: 768px) 100vw, 768px\" \/>                            <\/div>\n                            <div class=\"person--details\">\n                                <p class=\"name h5\">Hanna Setterberg <\/p>\n                                <p class=\"title subtitle\">Programledare<\/p>\n                                                                    <div class=\"about\">\n                                        Hanna Setterberg \u00e4r expert inom h\u00e5llbarhet, redovisning och finansiering, med en doktorsexamen fr\u00e5n Handelsh\u00f6gskolan i Stockholm. Hon har blandat annat forskat om hur kapitalmarknadsakt\u00f6rer integrerar ESG i sin praktik och varit g\u00e4stforskare vid Columbia Business School i NYC och ESMT Berlin.  \n                                    <\/div>\n                                                                                            <\/div>\n                        <\/div>\n                                                                    <div class=\"person hide-sm \"\n                             data-aos-delay-xs=\"750\"\n                             data-aos-delay-sm=\"250\"\n                             data-aos-delay-md=\"250\"\n                             data-aos-delay-lg=\"250\"\n                             data-aos-delay-xl=\"0\"\n                                                    >\n                            <div class=\"person--img\">\n                        <img loading=\"lazy\" decoding=\"async\" width=\"768\" height=\"544\" src=\"https:\/\/novare.se\/leadership\/wp-content\/uploads\/sites\/8\/2024\/06\/magnus-bild-768x544.jpg\" class=\"attachment-medium_large size-medium_large\" alt=\"Man i ljusbl\u00e5 skjorta st\u00e5r utomhus mellan glasd\u00f6rrar.\" srcset=\"https:\/\/novare.se\/leadership\/wp-content\/uploads\/sites\/8\/2024\/06\/magnus-bild-768x544.jpg 768w, https:\/\/novare.se\/leadership\/wp-content\/uploads\/sites\/8\/2024\/06\/magnus-bild-360x255.jpg 360w, https:\/\/novare.se\/leadership\/wp-content\/uploads\/sites\/8\/2024\/06\/magnus-bild-1024x725.jpg 1024w, https:\/\/novare.se\/leadership\/wp-content\/uploads\/sites\/8\/2024\/06\/magnus-bild-1536x1087.jpg 1536w, https:\/\/novare.se\/leadership\/wp-content\/uploads\/sites\/8\/2024\/06\/magnus-bild.jpg 1622w\" sizes=\"(max-width: 768px) 100vw, 768px\" \/>                            <\/div>\n                            <div class=\"person--details\">\n                                <p class=\"name h5\">Magnus Bild <\/p>\n                                <p class=\"title subtitle\">Programledare<\/p>\n                                                                    <div class=\"about\">\n                                        Magnus Bild \u00e4r medgrundare av utbildningsf\u00f6retaget Bild&amp;Runsten. Han har l\u00e5ng och bred erfarenhet av utbildning f\u00f6r styrelseledam\u00f6ter. Magnus \u00e4r ekonomie doktor och har varit adjungerad professor i finansiell kommunikati \n                                    <\/div>\n                                                                                            <\/div>\n                        <\/div>\n                                                                    <div class=\"person hide-sm hide-lg\"\n                             data-aos-delay-xs=\"1000\"\n                             data-aos-delay-sm=\"500\"\n                             data-aos-delay-md=\"500\"\n                             data-aos-delay-lg=\"250\"\n                             data-aos-delay-xl=\"250\"\n                                                    >\n                            <div class=\"person--img\">\n                        <img loading=\"lazy\" decoding=\"async\" width=\"768\" height=\"567\" src=\"https:\/\/novare.se\/leadership\/wp-content\/uploads\/sites\/8\/2024\/06\/carola-lemne-768x567.jpg\" class=\"attachment-medium_large size-medium_large\" alt=\"Person sitter framf\u00f6r bokhylla, b\u00e4r glas\u00f6gon och f\u00e4rgglad sjal.\" srcset=\"https:\/\/novare.se\/leadership\/wp-content\/uploads\/sites\/8\/2024\/06\/carola-lemne-768x567.jpg 768w, https:\/\/novare.se\/leadership\/wp-content\/uploads\/sites\/8\/2024\/06\/carola-lemne-360x266.jpg 360w, https:\/\/novare.se\/leadership\/wp-content\/uploads\/sites\/8\/2024\/06\/carola-lemne-1024x756.jpg 1024w, https:\/\/novare.se\/leadership\/wp-content\/uploads\/sites\/8\/2024\/06\/carola-lemne-1536x1133.jpg 1536w, https:\/\/novare.se\/leadership\/wp-content\/uploads\/sites\/8\/2024\/06\/carola-lemne-2048x1511.jpg 2048w\" sizes=\"(max-width: 768px) 100vw, 768px\" \/>                            <\/div>\n                            <div class=\"person--details\">\n                                <p class=\"name h5\">Carola Lemne <\/p>\n                                <p class=\"title subtitle\">Programledare och ordf\u00f6rande<\/p>\n                                                                    <div class=\"about\">\n                                        Carola Lemne \u00e4r f\u00f6r n\u00e4rvarande ordf\u00f6rande i Ung F\u00f6retagsamhet Sverige och har styrelseuppdrag i Terveystalo, Hj\u00e4rt-Lungfonden, Arjo och IRLAB. Carola \u00e4r en av landets mest uppskattade ledare och styrelsepersoner. I hennes bakgrund finns uppdrag i bland annat Getinge, Apoteket, Investor, AFA och Alecta, men \u00e4ven Uppsala Universitet, Internationella Engelska Skolan och olika forskningsstiftelser. \n                                    <\/div>\n                                                                                            <\/div>\n                        <\/div>\n                                                                    <div class=\"person hide-sm hide-lg\"\n                             data-aos-delay-xs=\"1250\"\n                             data-aos-delay-sm=\"500\"\n                             data-aos-delay-md=\"500\"\n                             data-aos-delay-lg=\"250\"\n                             data-aos-delay-xl=\"250\"\n                                                    >\n                            <div class=\"person--img\">\n                        <img loading=\"lazy\" decoding=\"async\" width=\"768\" height=\"627\" src=\"https:\/\/novare.se\/leadership\/wp-content\/uploads\/sites\/8\/2024\/11\/Tobias-Billstrom-2-e1732715376687-768x627.jpg\" class=\"attachment-medium_large size-medium_large\" alt=\"Tobias Billstr\u00f6m\" srcset=\"https:\/\/novare.se\/leadership\/wp-content\/uploads\/sites\/8\/2024\/11\/Tobias-Billstrom-2-e1732715376687-768x627.jpg 768w, https:\/\/novare.se\/leadership\/wp-content\/uploads\/sites\/8\/2024\/11\/Tobias-Billstrom-2-e1732715376687-360x294.jpg 360w, https:\/\/novare.se\/leadership\/wp-content\/uploads\/sites\/8\/2024\/11\/Tobias-Billstrom-2-e1732715376687.jpg 897w\" sizes=\"(max-width: 768px) 100vw, 768px\" \/>                            <\/div>\n                            <div class=\"person--details\">\n                                <p class=\"name h5\">Tobias Billstr\u00f6m<\/p>\n                                <p class=\"title subtitle\">F\u00f6rel\u00e4sare Omv\u00e4rldsbevakning<\/p>\n                                                                    <div class=\"about\">\n                                        Tobias Billstr\u00f6m \u00e4r Head of Strategy and Governmental Affairs p\u00e5 f\u00f6rsvarsteknikbolaget Nordic Air Defence. Med \u00f6ver tv\u00e5 decennier i svensk toppolitik har han haft ledande roller, d\u00e4ribland utrikesminister, migrationsminister och vice talman i Sveriges riksdag. Genom sin l\u00e5nga erfarenhet kombinerar han djup politisk insikt med ett globalt perspektiv p\u00e5 samh\u00e4llsf\u00f6r\u00e4ndring och s\u00e4kerhetspolitik. Tobias har en magisterexamen i historia fr\u00e5n b\u00e5de Cambridge University och Lunds universitet. \n                                    <\/div>\n                                                                                            <\/div>\n                        <\/div>\n                                                                    <div class=\"person hide-sm hide-lg\"\n                             data-aos-delay-xs=\"1500\"\n                             data-aos-delay-sm=\"750\"\n                             data-aos-delay-md=\"750\"\n                             data-aos-delay-lg=\"500\"\n                             data-aos-delay-xl=\"250\"\n                                                    >\n                            <div class=\"person--img\">\n                        <img loading=\"lazy\" decoding=\"async\" width=\"768\" height=\"606\" src=\"https:\/\/novare.se\/leadership\/wp-content\/uploads\/sites\/8\/2024\/06\/jessica-haggstrom-e1719247824637-768x606.jpg\" class=\"attachment-medium_large size-medium_large\" alt=\"Jessica Ha\u0308ggstro\u0308m\" srcset=\"https:\/\/novare.se\/leadership\/wp-content\/uploads\/sites\/8\/2024\/06\/jessica-haggstrom-e1719247824637-768x606.jpg 768w, https:\/\/novare.se\/leadership\/wp-content\/uploads\/sites\/8\/2024\/06\/jessica-haggstrom-e1719247824637-360x284.jpg 360w, https:\/\/novare.se\/leadership\/wp-content\/uploads\/sites\/8\/2024\/06\/jessica-haggstrom-e1719247824637-1024x807.jpg 1024w, https:\/\/novare.se\/leadership\/wp-content\/uploads\/sites\/8\/2024\/06\/jessica-haggstrom-e1719247824637.jpg 1366w\" sizes=\"(max-width: 768px) 100vw, 768px\" \/>                            <\/div>\n                            <div class=\"person--details\">\n                                <p class=\"name h5\">Jessica H\u00e4ggstr\u00f6m <\/p>\n                                <p class=\"title subtitle\">F\u00f6rel\u00e4sare People &amp; Culture<\/p>\n                                                                    <div class=\"about\">\n                                        Jessica H\u00e4ggstr\u00f6m \u00e4r Head of Human Resources, Investor AB. Hon \u00e4r \u00e4ven styrelseledamot i Collegial och Min Stora Dag. Jessica har \u00e4ven arbetat p\u00e5 Ericsson med Talent Management, HR Managament och Compensation och Benefits samt varit konsult p\u00e5 Watson Wyatt. \n                                    <\/div>\n                                                                                            <\/div>\n                        <\/div>\n                                                                    <div class=\"person hide-sm hide-lg\"\n                             data-aos-delay-xs=\"1750\"\n                             data-aos-delay-sm=\"750\"\n                             data-aos-delay-md=\"750\"\n                             data-aos-delay-lg=\"500\"\n                             data-aos-delay-xl=\"250\"\n                                                    >\n                            <div class=\"person--img\">\n                        <img loading=\"lazy\" decoding=\"async\" width=\"759\" height=\"600\" src=\"https:\/\/novare.se\/leadership\/wp-content\/uploads\/sites\/8\/2024\/06\/Patrik-Tigerschiold.jpg\" class=\"attachment-medium_large size-medium_large\" alt=\"Man ler formellt, b\u00e4r glas\u00f6gon och kostym.\" srcset=\"https:\/\/novare.se\/leadership\/wp-content\/uploads\/sites\/8\/2024\/06\/Patrik-Tigerschiold.jpg 759w, https:\/\/novare.se\/leadership\/wp-content\/uploads\/sites\/8\/2024\/06\/Patrik-Tigerschiold-360x285.jpg 360w\" sizes=\"(max-width: 759px) 100vw, 759px\" \/>                            <\/div>\n                            <div class=\"person--details\">\n                                <p class=\"name h5\">Patrik Tigerschio\u0308ld <\/p>\n                                <p class=\"title subtitle\">G\u00e4stf\u00f6rel\u00e4sare<\/p>\n                                                                    <div class=\"about\">\n                                        Patrik Tigerschi\u00f6ld \u00e4r vinnare av Guldklubban f\u00f6r noterade bolag 2020. Styrelseordf\u00f6rande i Bure Equity AB, Cavotec SA, Mycronic AB, Studief\u00f6rbundet f\u00f6r N\u00e4ringsliv och Samh\u00e4lle (SNS) samt Yubico AB. Ledamot i Ingenj\u00f6rsvetenskapsakademien (IVA). \n                                    <\/div>\n                                                                                            <\/div>\n                        <\/div>\n                                                                    <div class=\"person hide-sm hide-lg\"\n                             data-aos-delay-xs=\"2000\"\n                             data-aos-delay-sm=\"1000\"\n                             data-aos-delay-md=\"1000\"\n                             data-aos-delay-lg=\"500\"\n                             data-aos-delay-xl=\"500\"\n                                                    >\n                            <div class=\"person--img\">\n                        <img loading=\"lazy\" decoding=\"async\" width=\"768\" height=\"432\" src=\"https:\/\/novare.se\/leadership\/wp-content\/uploads\/sites\/8\/2024\/06\/cecilia-lundin-768x432.webp\" class=\"attachment-medium_large size-medium_large\" alt=\"Cecilia Lundin\" srcset=\"https:\/\/novare.se\/leadership\/wp-content\/uploads\/sites\/8\/2024\/06\/cecilia-lundin-768x432.webp 768w, https:\/\/novare.se\/leadership\/wp-content\/uploads\/sites\/8\/2024\/06\/cecilia-lundin-360x203.webp 360w, https:\/\/novare.se\/leadership\/wp-content\/uploads\/sites\/8\/2024\/06\/cecilia-lundin-1024x576.webp 1024w, https:\/\/novare.se\/leadership\/wp-content\/uploads\/sites\/8\/2024\/06\/cecilia-lundin-1536x864.webp 1536w, https:\/\/novare.se\/leadership\/wp-content\/uploads\/sites\/8\/2024\/06\/cecilia-lundin.webp 1800w\" sizes=\"(max-width: 768px) 100vw, 768px\" \/>                            <\/div>\n                            <div class=\"person--details\">\n                                <p class=\"name h5\">Cecilia Lundin <\/p>\n                                <p class=\"title subtitle\">F\u00f6rel\u00e4sare People &amp; Culture<\/p>\n                                                                    <div class=\"about\">\n                                        Cecilia Lundin \u00e4r Chief Human Resources Officer p\u00e5 Handelsbanken. Hon \u00e4r \u00e4ven styrelseledamot i Childhood och Grant Thornton. Cecilia har en bakgrund fr\u00e5n aff\u00e4rsroller i ledande befattning inom IT och Telekom samt fr\u00e5n HR-direkt\u00f6rsroller i bolag som exempelvis Northvolt.  \n                                    <\/div>\n                                                                                            <\/div>\n                        <\/div>\n                                                                    <div class=\"person hide-sm hide-lg\"\n                             data-aos-delay-xs=\"2250\"\n                             data-aos-delay-sm=\"1000\"\n                             data-aos-delay-md=\"1000\"\n                             data-aos-delay-lg=\"750\"\n                             data-aos-delay-xl=\"500\"\n                                                    >\n                            <div class=\"person--img\">\n                        <img loading=\"lazy\" decoding=\"async\" width=\"768\" height=\"512\" src=\"https:\/\/novare.se\/leadership\/wp-content\/uploads\/sites\/8\/2024\/06\/fredrik-hillelson-768x512.jpg\" class=\"attachment-medium_large size-medium_large\" alt=\"Man ler utomhus, b\u00e4r kostym, vid glasade d\u00f6rrar.\" srcset=\"https:\/\/novare.se\/leadership\/wp-content\/uploads\/sites\/8\/2024\/06\/fredrik-hillelson-768x512.jpg 768w, https:\/\/novare.se\/leadership\/wp-content\/uploads\/sites\/8\/2024\/06\/fredrik-hillelson-360x240.jpg 360w, https:\/\/novare.se\/leadership\/wp-content\/uploads\/sites\/8\/2024\/06\/fredrik-hillelson-1024x683.jpg 1024w, https:\/\/novare.se\/leadership\/wp-content\/uploads\/sites\/8\/2024\/06\/fredrik-hillelson-1536x1024.jpg 1536w, https:\/\/novare.se\/leadership\/wp-content\/uploads\/sites\/8\/2024\/06\/fredrik-hillelson.jpg 2048w\" sizes=\"(max-width: 768px) 100vw, 768px\" \/>                            <\/div>\n                            <div class=\"person--details\">\n                                <p class=\"name h5\">Fredrik Hillelson <\/p>\n                                <p class=\"title subtitle\">F\u00f6rel\u00e4sare VD-rekrytering<\/p>\n                                                                    <div class=\"about\">\n                                        Grundare &#038; VD Novare Human Capital, VD Novare Executive Search. Grundade Novare 2001. Arbetar fr\u00e4mst inom VD- Styrelserekrytering. Tidigare erfarenhet fr\u00e5n Investor AB, 3 Sverige, Accenture och Scania. Kandidatexamen i personal- och arbetsr\u00e4ttsvetenskap fr\u00e5n Stockholms universitet samt officersexamen fr\u00e5n Marinens officersh\u00f6gskola. \n                                    <\/div>\n                                                                                            <\/div>\n                        <\/div>\n                                                                    <div class=\"person hide-sm hide-lg\"\n                             data-aos-delay-xs=\"2500\"\n                             data-aos-delay-sm=\"1250\"\n                             data-aos-delay-md=\"1250\"\n                             data-aos-delay-lg=\"750\"\n                             data-aos-delay-xl=\"500\"\n                                                    >\n                            <div class=\"person--img\">\n                        <img loading=\"lazy\" decoding=\"async\" width=\"768\" height=\"512\" src=\"https:\/\/novare.se\/leadership\/wp-content\/uploads\/sites\/8\/2024\/06\/marie-louise-kjellstrom-768x512.jpg\" class=\"attachment-medium_large size-medium_large\" alt=\"Kvinna st\u00e5r stilla i formell kl\u00e4dsel, neutral bakgrund.\" srcset=\"https:\/\/novare.se\/leadership\/wp-content\/uploads\/sites\/8\/2024\/06\/marie-louise-kjellstrom-768x512.jpg 768w, https:\/\/novare.se\/leadership\/wp-content\/uploads\/sites\/8\/2024\/06\/marie-louise-kjellstrom-360x240.jpg 360w, https:\/\/novare.se\/leadership\/wp-content\/uploads\/sites\/8\/2024\/06\/marie-louise-kjellstrom-1024x683.jpg 1024w, https:\/\/novare.se\/leadership\/wp-content\/uploads\/sites\/8\/2024\/06\/marie-louise-kjellstrom-1536x1024.jpg 1536w, https:\/\/novare.se\/leadership\/wp-content\/uploads\/sites\/8\/2024\/06\/marie-louise-kjellstrom-2048x1365.jpg 2048w\" sizes=\"(max-width: 768px) 100vw, 768px\" \/>                            <\/div>\n                            <div class=\"person--details\">\n                                <p class=\"name h5\">Marie-Louise Kjellstr\u00f6m<\/p>\n                                <p class=\"title subtitle\">Moderator och programansvarig<\/p>\n                                                                    <div class=\"about\">\n                                        Marie-Louise Kjellstr\u00f6m leder aff\u00e4rsomr\u00e5det Board Program och \u00e4r styrelseordf\u00f6rande f\u00f6r Novare Leadership. Marie-Louise arbetar med fr\u00e5gor i professionell styrelseutveckling sedan 2015. Hon \u00e4r ocks\u00e5 Ordf\u00f6rande i Club Eriks AB och i Valberedningen f\u00f6r Sophiahemmet i Stockholm. Bland tidigare styrelseuppdrag m\u00e4rks Hemnet, Stockholms Handelskammare och Projektplace bland andra. \n                                    <\/div>\n                                                                                            <\/div>\n                        <\/div>\n                                                                    <div class=\"person hide-sm hide-lg\"\n                             data-aos-delay-xs=\"2750\"\n                             data-aos-delay-sm=\"1250\"\n                             data-aos-delay-md=\"1250\"\n                             data-aos-delay-lg=\"750\"\n                             data-aos-delay-xl=\"500\"\n                                                    >\n                            <div class=\"person--img\">\n                        <img loading=\"lazy\" decoding=\"async\" width=\"768\" height=\"771\" src=\"https:\/\/novare.se\/leadership\/wp-content\/uploads\/sites\/8\/2025\/06\/IMG_4912-e1748857519809-768x771.jpg\" class=\"attachment-medium_large size-medium_large\" alt=\"\" srcset=\"https:\/\/novare.se\/leadership\/wp-content\/uploads\/sites\/8\/2025\/06\/IMG_4912-e1748857519809-768x771.jpg 768w, https:\/\/novare.se\/leadership\/wp-content\/uploads\/sites\/8\/2025\/06\/IMG_4912-e1748857519809-360x360.jpg 360w, https:\/\/novare.se\/leadership\/wp-content\/uploads\/sites\/8\/2025\/06\/IMG_4912-e1748857519809-1020x1024.jpg 1020w, https:\/\/novare.se\/leadership\/wp-content\/uploads\/sites\/8\/2025\/06\/IMG_4912-e1748857519809-150x150.jpg 150w, https:\/\/novare.se\/leadership\/wp-content\/uploads\/sites\/8\/2025\/06\/IMG_4912-e1748857519809-1530x1536.jpg 1530w, https:\/\/novare.se\/leadership\/wp-content\/uploads\/sites\/8\/2025\/06\/IMG_4912-e1748857519809.jpg 1549w\" sizes=\"(max-width: 768px) 100vw, 768px\" \/>                            <\/div>\n                            <div class=\"person--details\">\n                                <p class=\"name h5\">Johan Bygge<\/p>\n                                <p class=\"title subtitle\">G\u00e4stf\u00f6rel\u00e4sare<\/p>\n                                                                    <div class=\"about\">\n                                        Johan Bygge var COO och hade flera seniora r\u00e5dgivande roller inom EQT AB under \u00e5ren 2011\u20132019. Han var CFO p\u00e5 Investor AB mellan 2007 och 2011. Johan \u00e4r styrelseordf\u00f6rande i Scandi Standard AB, Regin AB, Guard Therapeutics International AB och Arevo AB. Han \u00e4r \u00e4ven vice ordf\u00f6rande i AP3, styrelseledamot i Getinge AB, Lantm\u00e4nnen EkF\u00f6r, Capman Oy och Riksbankens Jubileumsfond. \n                                    <\/div>\n                                                                                            <\/div>\n                        <\/div>\n                                                                    <div class=\"person hide-sm hide-lg\"\n                             data-aos-delay-xs=\"3000\"\n                             data-aos-delay-sm=\"1500\"\n                             data-aos-delay-md=\"1500\"\n                             data-aos-delay-lg=\"1000\"\n                             data-aos-delay-xl=\"750\"\n                                                    >\n                            <div class=\"person--img\">\n                        <img loading=\"lazy\" decoding=\"async\" width=\"768\" height=\"384\" src=\"https:\/\/novare.se\/leadership\/wp-content\/uploads\/sites\/8\/2024\/06\/Erika-Andersson-768x384.jpg\" class=\"attachment-medium_large size-medium_large\" alt=\"Kvinna st\u00e5r utomhus, b\u00e4r kostym i urban milj\u00f6.\" srcset=\"https:\/\/novare.se\/leadership\/wp-content\/uploads\/sites\/8\/2024\/06\/Erika-Andersson-768x384.jpg 768w, https:\/\/novare.se\/leadership\/wp-content\/uploads\/sites\/8\/2024\/06\/Erika-Andersson-360x180.jpg 360w, https:\/\/novare.se\/leadership\/wp-content\/uploads\/sites\/8\/2024\/06\/Erika-Andersson-1024x512.jpg 1024w, https:\/\/novare.se\/leadership\/wp-content\/uploads\/sites\/8\/2024\/06\/Erika-Andersson-1536x768.jpg 1536w, https:\/\/novare.se\/leadership\/wp-content\/uploads\/sites\/8\/2024\/06\/Erika-Andersson.jpg 1600w\" sizes=\"(max-width: 768px) 100vw, 768px\" \/>                            <\/div>\n                            <div class=\"person--details\">\n                                <p class=\"name h5\">Erika Andersson <\/p>\n                                <p class=\"title subtitle\">F\u00f6rel\u00e4sare Ers\u00e4ttningar<\/p>\n                                                                    <div class=\"about\">\n                                        Erika Andersson, Allshares AB (FKA Novare Pay Consulting AB). Erika har \u00f6ver 10 \u00e5rs erfarenhet av att arbeta med ers\u00e4ttningsfr\u00e5gor. Erika har tidigare arbetat som konsult p\u00e5 Novare Executive Compensation, Aon Hewitt och McLagan i London. \n                                    <\/div>\n                                                                                            <\/div>\n                        <\/div>\n                                                                    <div class=\"person hide-sm hide-lg\"\n                             data-aos-delay-xs=\"3250\"\n                             data-aos-delay-sm=\"1500\"\n                             data-aos-delay-md=\"1500\"\n                             data-aos-delay-lg=\"1000\"\n                             data-aos-delay-xl=\"750\"\n                                                    >\n                            <div class=\"person--img\">\n                        <img loading=\"lazy\" decoding=\"async\" width=\"768\" height=\"514\" src=\"https:\/\/novare.se\/leadership\/wp-content\/uploads\/sites\/8\/2024\/06\/petra-hedengran-768x514.jpg\" class=\"attachment-medium_large size-medium_large\" alt=\"Kvinna b\u00e4r glas\u00f6gon, ler mot kameran, neutral bakgrund.\" srcset=\"https:\/\/novare.se\/leadership\/wp-content\/uploads\/sites\/8\/2024\/06\/petra-hedengran-768x514.jpg 768w, https:\/\/novare.se\/leadership\/wp-content\/uploads\/sites\/8\/2024\/06\/petra-hedengran-360x241.jpg 360w, https:\/\/novare.se\/leadership\/wp-content\/uploads\/sites\/8\/2024\/06\/petra-hedengran-1024x686.jpg 1024w, https:\/\/novare.se\/leadership\/wp-content\/uploads\/sites\/8\/2024\/06\/petra-hedengran-1536x1029.jpg 1536w, https:\/\/novare.se\/leadership\/wp-content\/uploads\/sites\/8\/2024\/06\/petra-hedengran-2048x1371.jpg 2048w\" sizes=\"(max-width: 768px) 100vw, 768px\" \/>                            <\/div>\n                            <div class=\"person--details\">\n                                <p class=\"name h5\">Petra Hedengran <\/p>\n                                <p class=\"title subtitle\">Kursledare oktober 2023<\/p>\n                                                                    <div class=\"about\">\n                                        Petra Hedengran \u00e4r Chefsjurist p\u00e5 Investor AB och ansvarig f\u00f6r bolagsstyrning, samt f\u00f6r investeringar i EQT. Petra \u00e4r ocks\u00e5 styrelseledamot i Alecta, Electrolux, F\u00f6reningen f\u00f6r god sed p\u00e5 v\u00e4rdepappersmarknaden. \n                                    <\/div>\n                                                                                            <\/div>\n                        <\/div>\n                                                                    <div class=\"person hide-sm hide-lg\"\n                             data-aos-delay-xs=\"3500\"\n                             data-aos-delay-sm=\"1750\"\n                             data-aos-delay-md=\"1750\"\n                             data-aos-delay-lg=\"1000\"\n                             data-aos-delay-xl=\"750\"\n                                                    >\n                            <div class=\"person--img\">\n                        <img loading=\"lazy\" decoding=\"async\" width=\"425\" height=\"356\" src=\"https:\/\/novare.se\/leadership\/wp-content\/uploads\/sites\/8\/2024\/06\/mats-granryd-e1719247874124.webp\" class=\"attachment-medium_large size-medium_large\" alt=\"Mats Granryd\" srcset=\"https:\/\/novare.se\/leadership\/wp-content\/uploads\/sites\/8\/2024\/06\/mats-granryd-e1719247874124.webp 425w, https:\/\/novare.se\/leadership\/wp-content\/uploads\/sites\/8\/2024\/06\/mats-granryd-e1719247874124-360x302.webp 360w\" sizes=\"(max-width: 425px) 100vw, 425px\" \/>                            <\/div>\n                            <div class=\"person--details\">\n                                <p class=\"name h5\">Mats Granryd <\/p>\n                                <p class=\"title subtitle\">G\u00e4stf\u00f6rel\u00e4sare<\/p>\n                                                                    <div class=\"about\">\n                                        Mats Granryd \u00e4r generaldirekt\u00f6r och styrelsemedlem i GSMA, en sammanslutning av mer \u00e4n 700 mobiloperat\u00f6rer v\u00e4rlden \u00f6ver vars syfte \u00e4r att leda den globala utvecklingen inom mobilindustrin. Dessf\u00f6rinnan var han VD f\u00f6r Tele2 Group och har m\u00e5ng\u00e5rig erfarenhet av olika ledande befattningar inom telekombranschen. \n                                    <\/div>\n                                                                                            <\/div>\n                        <\/div>\n                                                                    <div class=\"person hide-sm hide-lg\"\n                             data-aos-delay-xs=\"3750\"\n                             data-aos-delay-sm=\"1750\"\n                             data-aos-delay-md=\"1750\"\n                             data-aos-delay-lg=\"1250\"\n                             data-aos-delay-xl=\"750\"\n                                                    >\n                            <div class=\"person--img\">\n                        <img loading=\"lazy\" decoding=\"async\" width=\"768\" height=\"565\" src=\"https:\/\/novare.se\/leadership\/wp-content\/uploads\/sites\/8\/2024\/06\/Cecilia-Sandberg-e1719143679942-768x565.jpg\" class=\"attachment-medium_large size-medium_large\" alt=\"Cecilia Sandberg\" srcset=\"https:\/\/novare.se\/leadership\/wp-content\/uploads\/sites\/8\/2024\/06\/Cecilia-Sandberg-e1719143679942-768x565.jpg 768w, https:\/\/novare.se\/leadership\/wp-content\/uploads\/sites\/8\/2024\/06\/Cecilia-Sandberg-e1719143679942-360x265.jpg 360w, https:\/\/novare.se\/leadership\/wp-content\/uploads\/sites\/8\/2024\/06\/Cecilia-Sandberg-e1719143679942-1024x753.jpg 1024w, https:\/\/novare.se\/leadership\/wp-content\/uploads\/sites\/8\/2024\/06\/Cecilia-Sandberg-e1719143679942.jpg 1256w\" sizes=\"(max-width: 768px) 100vw, 768px\" \/>                            <\/div>\n                            <div class=\"person--details\">\n                                <p class=\"name h5\">Cecilia Sandberg <\/p>\n                                <p class=\"title subtitle\">F\u00f6rel\u00e4sare People &amp; Culture<\/p>\n                                                                    <div class=\"about\">\n                                        Cecilia Sandberg \u00e4r CHRO f\u00f6r Atlas Copco Group och har tidigare erfarenhet fr\u00e5n SAS, AstraZeneca och Permobil. Hon har en Master of Social Science med inriktning sociologi fr\u00e5n Stockholms universitet. Cecilia \u00e4r ledamot i \u00e4garr\u00e5det och ordf\u00f6rande i valberedningen i Skandia samt styrelseledamot i Min Stora Dag. \n                                    <\/div>\n                                                                                            <\/div>\n                        <\/div>\n                                                            <\/div>\n                \n                <div class=\"show-more-wrapper btn-wrapper\">\n                    <button type=\"button\" class=\"btn btn--primary\" data-show-all=\"Show more\" data-show-less=\"Show less\">Show more<\/button>\n                <\/div>\n            <\/div>\n        <\/div>\n    <\/div>\n<\/section>\n\n\n<section id=\"contact-persons-block_fc1d64f76e4b4ddc0fa0a63df4057881\" class=\"block contact-persons  m-b\">\n    <div class=\"container\">\n        <div class=\"row\">\n            <div class=\"row__col row__col--lg-12\">\n                <div class=\"contact-persons--wrapper bg-terracotta-deep\">\n                    <div class=\"contact-persons--wrapper--content\" >\n                                                    <div class=\"header-wrapper\" >\n                                <h3 class=\"h3 text-left\">Nyfiken p\u00e5 att veta mer? <strong><i>H\u00f6r av Dig!<\/i><\/strong><\/h3>                            <\/div>\n                        \n                                                    <div class=\"text-wrapper\">\n                                <p>VI finns h\u00e4r f\u00f6r dig om du har eventuella funderingar om utbildningen. Varmt v\u00e4lkommen att h\u00f6ra av dig!<\/p>\n                            <\/div>\n                        \n                                                    <div class='btn-wrapper btn-wrapper--left'><div class=\"btn-element\" ><a class=\"btn btn--white\" href=\"#submit\"target=\"_self\">Anm\u00e4l dig<\/a><\/div><\/div>                                            <\/div>\n                    <div class=\"contact-persons--wrapper--people\">\n                                                                                    <div class=\"contact-person\"  >\n                                    <div class=\"contact-person--image\">\n                                        <img loading=\"lazy\" decoding=\"async\" width=\"360\" height=\"258\" src=\"https:\/\/novare.se\/leadership\/wp-content\/uploads\/sites\/8\/2024\/06\/Marie_Louise_Kjellstrom_BIG-360x258.jpg\" class=\"attachment-medium size-medium\" alt=\"Kvinna ler, sitter i studio, b\u00e4r formell kavaj.\" srcset=\"https:\/\/novare.se\/leadership\/wp-content\/uploads\/sites\/8\/2024\/06\/Marie_Louise_Kjellstrom_BIG-360x258.jpg 360w, https:\/\/novare.se\/leadership\/wp-content\/uploads\/sites\/8\/2024\/06\/Marie_Louise_Kjellstrom_BIG.jpg 670w\" sizes=\"(max-width: 360px) 100vw, 360px\" \/>                                    <\/div>\n                                    <div class=\"contact-person--details\">\n                                        <div class=\"name-wrapper\">\n                                            <a href=\"https:\/\/novare.se\/leadership\/medarbetare\/marie-louise-kjellstrom\/\">Marie-Louise Kjellstr\u00f6m<\/a>\n                                        <\/div>\n                                        <div class=\"title-wrapper\">\n                                            <p>Head of Novare Board Programs<\/p>\n                                        <\/div>\n                                        <div class=\"email-wrapper\">\n                                            <a href=\"mailto:marie-louise.kjellstrom@novare.se\">marie-louise.kjellstrom@novare.se<\/a>\n                                        <\/div>\n                                        <div class=\"phone-wrapper\">\n                                            <a href=\"tel:+4670-1098190\">+46 (0)70-109 81 90<\/a>\n                                        <\/div>\n                                    <\/div>\n                                <\/div>\n                                                                <div class=\"contact-person\"  >\n                                    <div class=\"contact-person--image\">\n                                        <img loading=\"lazy\" decoding=\"async\" width=\"360\" height=\"258\" src=\"https:\/\/novare.se\/leadership\/wp-content\/uploads\/sites\/8\/2024\/06\/Jacob_Neckmar_BIG-360x258.jpg\" class=\"attachment-medium size-medium\" alt=\"Person ler mot kameran, sitter framf\u00f6r neutral bakgrund. Inget text.\" srcset=\"https:\/\/novare.se\/leadership\/wp-content\/uploads\/sites\/8\/2024\/06\/Jacob_Neckmar_BIG-360x258.jpg 360w, https:\/\/novare.se\/leadership\/wp-content\/uploads\/sites\/8\/2024\/06\/Jacob_Neckmar_BIG.jpg 670w\" sizes=\"(max-width: 360px) 100vw, 360px\" \/>                                    <\/div>\n                                    <div class=\"contact-person--details\">\n                                        <div class=\"name-wrapper\">\n                                            <a href=\"https:\/\/novare.se\/leadership\/medarbetare\/jacob-neckmar\/\">Jacob Neckmar<\/a>\n                                        <\/div>\n                                        <div class=\"title-wrapper\">\n                                            <p>Program Manager<\/p>\n                                        <\/div>\n                                        <div class=\"email-wrapper\">\n                                            <a href=\"mailto:jacob.neckmar@novare.se\">jacob.neckmar@novare.se<\/a>\n                                        <\/div>\n                                        <div class=\"phone-wrapper\">\n                                            <a href=\"tel:+46709390991\">+46 (0) 709 39 09 91<\/a>\n                                        <\/div>\n                                    <\/div>\n                                <\/div>\n                                                    <\/div>\n                <\/div>\n            <\/div>\n        <\/div>\n    <\/div>\n<\/section>\n\n\n<section id=\"related-educations-block_66714713b6882249c865b90ea3d6bae2\" class=\"block related-educations  m-b bg-default\">\n\t<div class=\"container\">\n\t\t<div class=\"row\">\n\t\t\t<div class=\"row__col row__col--lg-6 heading\">\n                                    <div class=\"title-wrapper\" >\n                        <h3 class=\"h3 text-left\">Relaterade <i><strong>utbildningar<\/strong><\/i><\/h3>                    <\/div>\n                            <\/div>\n            <div class=\"row__col row__col--lg-6 view-more view-more--header\" >\n                                    <div class=\"link-wrapper m-0\">\n                                                                            <a class=\"text-medium\" href=\"https:\/\/novare.se\/leadership\/styrelseutbildningar\/\"\n                               target=\"\"><span>Visa alla utbildningar<\/span><i\n                                        class=\"arrow fa fa-arrow-right\"><\/i><\/a>\n                                            <\/div>\n                            <\/div>\n\t\t<\/div>\n\n\t\t<div class=\"row educations\">\n\t\t\t\t\t\t\t\t\t\t\t\t<div class=\"row__col row__col--lg-4 educations--item\">\n    <div class=\"educations--inner\">\n        <a class=\"m-0\" href=\"https:\/\/novare.se\/leadership\/utbildningar\/the-board-program\/\">\n            <div class=\"image m-0\">\n                <img loading=\"lazy\" decoding=\"async\" width=\"768\" height=\"767\" src=\"https:\/\/novare.se\/leadership\/wp-content\/uploads\/sites\/8\/2024\/07\/Board-Program-Novare-SaraRossiPhotography-133-768x767.jpg\" class=\"media-item\" alt=\"Deltagare i Novares styrelseutbildning\" srcset=\"https:\/\/novare.se\/leadership\/wp-content\/uploads\/sites\/8\/2024\/07\/Board-Program-Novare-SaraRossiPhotography-133-768x767.jpg 768w, https:\/\/novare.se\/leadership\/wp-content\/uploads\/sites\/8\/2024\/07\/Board-Program-Novare-SaraRossiPhotography-133-360x360.jpg 360w, https:\/\/novare.se\/leadership\/wp-content\/uploads\/sites\/8\/2024\/07\/Board-Program-Novare-SaraRossiPhotography-133-1024x1024.jpg 1024w, https:\/\/novare.se\/leadership\/wp-content\/uploads\/sites\/8\/2024\/07\/Board-Program-Novare-SaraRossiPhotography-133-150x150.jpg 150w, https:\/\/novare.se\/leadership\/wp-content\/uploads\/sites\/8\/2024\/07\/Board-Program-Novare-SaraRossiPhotography-133.jpg 1500w\" sizes=\"(max-width: 768px) 100vw, 768px\" \/>                                            <\/div>\n        <\/a>\n        \n            <div class=\"content\">\n                <div class=\"top\">\n                                            <div class=\"location\">\n                            Blasieholmen, Stockholm                        <\/div>\n                                        <a href=\"https:\/\/novare.se\/leadership\/utbildningar\/the-board-program\/\" class=\"m-0 title\">\n                        <h5 class=\"m-0\">Novare &#8211; The Board Program in English<\/h5>\n                    <\/a>\n                    <div class=\"info\">\n                                                    39 900 SEK ex VAT                                                                            <span class=\"separator\">|<\/span>\n                                                                            15-20 participants                                            <\/div>\n                                                                <div class=\"dates\">\n                                                            <div class=\"date\">\n                                    <i class=\"fa-regular fa-calendar-day \"><\/i><span>27-29 May 2026 &#8211; in English<\/span>\n                                <\/div>\n                                                    <\/div>\n                                    <\/div>\n                \n                <div class=\"bottom\">\n                    <a href=\"https:\/\/novare.se\/leadership\/utbildningar\/the-board-program\/\" class=\"read-more\">\n                        <span class=\"text-medium\">L\u00e4s mer<\/span>\n                        <i class=\"arrow fa fa-arrow-right\" aria-hidden=\"true\"><\/i>\n                    <\/a>\n                <\/div>\n            <\/div>\n        <\/a>\n    <\/div>\n<\/div>\n\t\t\t\t\t\t\t\t\t<div class=\"row__col row__col--lg-4 educations--item\">\n    <div class=\"educations--inner\">\n        <a class=\"m-0\" href=\"https:\/\/novare.se\/leadership\/utbildningar\/ordforandeutbildning\/\">\n            <div class=\"image m-0\">\n                <img loading=\"lazy\" decoding=\"async\" width=\"768\" height=\"768\" src=\"https:\/\/novare.se\/leadership\/wp-content\/uploads\/sites\/8\/2024\/06\/ordforandeutbildning-1-768x768.jpg\" class=\"media-item\" alt=\"Kvinna leder m\u00f6te vid bord, fyra personer deltar.\" srcset=\"https:\/\/novare.se\/leadership\/wp-content\/uploads\/sites\/8\/2024\/06\/ordforandeutbildning-1-768x768.jpg 768w, https:\/\/novare.se\/leadership\/wp-content\/uploads\/sites\/8\/2024\/06\/ordforandeutbildning-1-360x360.jpg 360w, https:\/\/novare.se\/leadership\/wp-content\/uploads\/sites\/8\/2024\/06\/ordforandeutbildning-1-1024x1024.jpg 1024w, https:\/\/novare.se\/leadership\/wp-content\/uploads\/sites\/8\/2024\/06\/ordforandeutbildning-1-150x150.jpg 150w, https:\/\/novare.se\/leadership\/wp-content\/uploads\/sites\/8\/2024\/06\/ordforandeutbildning-1-1536x1536.jpg 1536w, https:\/\/novare.se\/leadership\/wp-content\/uploads\/sites\/8\/2024\/06\/ordforandeutbildning-1-2048x2048.jpg 2048w\" sizes=\"(max-width: 768px) 100vw, 768px\" \/>                                            <\/div>\n        <\/a>\n        \n            <div class=\"content\">\n                <div class=\"top\">\n                                            <div class=\"location\">\n                            Blasieholmen, Stockholm                        <\/div>\n                                        <a href=\"https:\/\/novare.se\/leadership\/utbildningar\/ordforandeutbildning\/\" class=\"m-0 title\">\n                        <h5 class=\"m-0\">Novare Ordf\u00f6randeutbildning<\/h5>\n                    <\/a>\n                    <div class=\"info\">\n                                                    74 000 SEK ex moms                                                                            <span class=\"separator\">|<\/span>\n                                                                            Ca 8 deltagare                                            <\/div>\n                                                                <div class=\"dates\">\n                                                            <div class=\"date\">\n                                    <i class=\"fa-regular fa-calendar-day \"><\/i><span>10-11 mars + 14-15 april 2026 &#8211; FULLBOKAD<\/span>\n                                <\/div>\n                                                            <div class=\"date\">\n                                    <i class=\"fa-regular fa-calendar-day \"><\/i><span>1-2 oktober + 3-4 november 2026<\/span>\n                                <\/div>\n                                                    <\/div>\n                                    <\/div>\n                \n                <div class=\"bottom\">\n                    <a href=\"https:\/\/novare.se\/leadership\/utbildningar\/ordforandeutbildning\/\" class=\"read-more\">\n                        <span class=\"text-medium\">L\u00e4s mer<\/span>\n                        <i class=\"arrow fa fa-arrow-right\" aria-hidden=\"true\"><\/i>\n                    <\/a>\n                <\/div>\n            <\/div>\n        <\/a>\n    <\/div>\n<\/div>\n\t\t\t\t\t\t\t\t\t<div class=\"row__col row__col--lg-4 educations--item\">\n    <div class=\"educations--inner\">\n        <a class=\"m-0\" href=\"https:\/\/novare.se\/leadership\/utbildningar\/vd-utbildning\/\">\n            <div class=\"image m-0\">\n                <img loading=\"lazy\" decoding=\"async\" width=\"768\" height=\"768\" src=\"https:\/\/novare.se\/leadership\/wp-content\/uploads\/sites\/8\/2024\/06\/Novare-vd-program-768x768.png\" class=\"media-item\" alt=\"en man och en kvinna p\u00e5 utbildning\" srcset=\"https:\/\/novare.se\/leadership\/wp-content\/uploads\/sites\/8\/2024\/06\/Novare-vd-program-768x768.png 768w, https:\/\/novare.se\/leadership\/wp-content\/uploads\/sites\/8\/2024\/06\/Novare-vd-program-360x360.png 360w, https:\/\/novare.se\/leadership\/wp-content\/uploads\/sites\/8\/2024\/06\/Novare-vd-program-1024x1024.png 1024w, https:\/\/novare.se\/leadership\/wp-content\/uploads\/sites\/8\/2024\/06\/Novare-vd-program-150x150.png 150w, https:\/\/novare.se\/leadership\/wp-content\/uploads\/sites\/8\/2024\/06\/Novare-vd-program.png 1485w\" sizes=\"(max-width: 768px) 100vw, 768px\" \/>                                            <\/div>\n        <\/a>\n        \n            <div class=\"content\">\n                <div class=\"top\">\n                                            <div class=\"location\">\n                            Blasieholmen, Stockholm                        <\/div>\n                                        <a href=\"https:\/\/novare.se\/leadership\/utbildningar\/vd-utbildning\/\" class=\"m-0 title\">\n                        <h5 class=\"m-0\">Novare VD-utbildning<\/h5>\n                    <\/a>\n                    <div class=\"info\">\n                                                    65 000 SEK ex moms                                                                            <span class=\"separator\">|<\/span>\n                                                                            Max 15 deltagare                                            <\/div>\n                                                                <div class=\"dates\">\n                                                            <div class=\"date\">\n                                    <i class=\"fa-regular fa-calendar-day \"><\/i><span>3 &#8211; 5 mars + 24-25 mars 2026<\/span>\n                                <\/div>\n                                                            <div class=\"date\">\n                                    <i class=\"fa-regular fa-calendar-day \"><\/i><span>7 &#8211; 9 oktober + 10-11 november 2026<\/span>\n                                <\/div>\n                                                    <\/div>\n                                    <\/div>\n                \n                <div class=\"bottom\">\n                    <a href=\"https:\/\/novare.se\/leadership\/utbildningar\/vd-utbildning\/\" class=\"read-more\">\n                        <span class=\"text-medium\">L\u00e4s mer<\/span>\n                        <i class=\"arrow fa fa-arrow-right\" aria-hidden=\"true\"><\/i>\n                    <\/a>\n                <\/div>\n            <\/div>\n        <\/a>\n    <\/div>\n<\/div>\n\t\t\t\t\t\t\t\t\n\t\t<\/div>\n\n\t\t<div class=\"row view-more--footer\">\n\t\t\t<div class=\"row__col\">\n\t\t\t\t                    <div class=\"link-wrapper m-0\">\n                                                                            <a class=\"text-medium\" href=\"https:\/\/novare.se\/leadership\/styrelseutbildningar\/\"\n                               target=\"\"><span>Visa alla utbildningar<\/span><i\n                                        class=\"arrow fa fa-arrow-right\"><\/i><\/a>\n                                            <\/div>\n                \t\t\t<\/div>\n\t\t<\/div>\n\t<\/div>\n<\/section>\n\n<section id=\"submit\" class=\"block hubspot-form-block  m-b\">\n    <div class=\"container\">\n        <div class=\"row\">\n            <div class=\"row__col left-side \">\n                <div class=\"left-side--inner bg-terracotta-dark\"  >\n                    <div class=\"header\">\n                                                    <div class=\"title-wrapper\">\n                            <h3 class=\"h3 m-0 text-left\"><strong><i>Anm\u00e4l dig<\/i><\/strong><\/h3>                            <\/div>\n                        \n                        <p class=\"preamble\">V\u00e4nligen skicka in din anm\u00e4lan via formul\u00e4ret<\/p>                    <\/div>\n                        \n                        \n                                    <\/div>\n            <\/div>\n\n            <div class=\"row__col right-side \"  >\n                <div class=\"right-side--inner bg-white\">\n                    <div class=\"title-wrapper\">\n                                                  <\/div>\n                                                   <p><script charset=\"utf-8\" type=\"text\/javascript\" src=\"\/\/js-eu1.hsforms.net\/forms\/embed\/v2.js\"><span data-mce-type=\"bookmark\" style=\"width: 0px;overflow: hidden;line-height: 0\" class=\"mce_SELRES_start\">\ufeff<\/span><\/script><br \/>\n<script>\n  hbspt.forms.create({\n    portalId: \"146072993\",\n    formId: \"40a454d2-7d1f-4a29-ba14-2768cb1ac54d\",\n    region: \"eu1\"\n  });\n<\/script><\/p>\n                                        <\/div>\n                \n            <\/div>\n        <\/div>\n    <\/div>\n<\/section>\n","protected":false},"excerpt":{"rendered":"","protected":false},"featured_media":1481,"template":"","meta":{"_acf_changed":false,"_seopress_robots_primary_cat":"","_seopress_titles_title":"Styrelseutbildning i Stockholm f\u00f6r framg\u00e5ng - novare.se","_seopress_titles_desc":"Delta i Novares 3-dagars styrelseutbildning och f\u00f6rb\u00e4ttra dina kunskaper inom modernt styrelsearbete. Perfekt f\u00f6r b\u00e5de nya och erfarna ledam\u00f6ter.","_seopress_robots_index":"","inline_featured_image":false,"footnotes":""},"education_cat":[25],"class_list":["post-1419","education","type-education","status-publish","has-post-thumbnail","hentry","education_cat-styrelseutbildning"],"acf":[],"_links":{"self":[{"href":"https:\/\/novare.se\/leadership\/wp-json\/wp\/v2\/education\/1419","targetHints":{"allow":["GET"]}}],"collection":[{"href":"https:\/\/novare.se\/leadership\/wp-json\/wp\/v2\/education"}],"about":[{"href":"https:\/\/novare.se\/leadership\/wp-json\/wp\/v2\/types\/education"}],"version-history":[{"count":57,"href":"https:\/\/novare.se\/leadership\/wp-json\/wp\/v2\/education\/1419\/revisions"}],"predecessor-version":[{"id":7395,"href":"https:\/\/novare.se\/leadership\/wp-json\/wp\/v2\/education\/1419\/revisions\/7395"}],"wp:featuredmedia":[{"embeddable":true,"href":"https:\/\/novare.se\/leadership\/wp-json\/wp\/v2\/media\/1481"}],"wp:attachment":[{"href":"https:\/\/novare.se\/leadership\/wp-json\/wp\/v2\/media?parent=1419"}],"wp:term":[{"taxonomy":"education_cat","embeddable":true,"href":"https:\/\/novare.se\/leadership\/wp-json\/wp\/v2\/education_cat?post=1419"}],"curies":[{"name":"wp","href":"https:\/\/api.w.org\/{rel}","templated":true}]}}