{"id":641,"date":"2024-06-18T17:33:25","date_gmt":"2024-06-18T17:33:25","guid":{"rendered":"https:\/\/novare.se\/intro\/?page_id=641"},"modified":"2026-02-16T14:00:24","modified_gmt":"2026-02-16T14:00:24","slug":"om-oss","status":"publish","type":"page","link":"https:\/\/novare.se\/intro\/om-oss\/","title":{"rendered":"Om oss"},"content":{"rendered":"<section id=\"hero-3-block_a4c6530d3718c529bb219bccc83b3279\" class=\"block hero-3  m-b \">\n    <div class=\"hero-3--top-section bg-primary\">\n                    <div class=\"bg-backdrop\">\n                <div class=\"bg-backdrop--inner\"><\/div>\n            <\/div>\n                <div class=\"container\">\n            <div class=\"row\">\n                <div class=\"row__col\">\n                    <div class=\"text-img-wrapper\">\n                        <div class=\"text-col\" >\n                                                                \n                                <div class=\"title-wrapper\" >\n                                    <h1 class=\"h2 text-left\" style=\"color:#f5f2ef\">Om <strong><i>Novare Intro<\/i><\/strong><\/h1>                                <\/div>\n                                                            \n                            \n                                                            <div class=\"text-wrapper\" >\n                                    <p>Vi bygger en mer inkluderande arbetsmarknad d\u00e4r unga vuxna med neuropsykiatriska funktionsvariationer f\u00e5r utrymme att v\u00e4xa, utvecklas och bidra med sin potential.<\/p>\n                                <\/div>\n                                                            \n                                                            <div class='btn-wrapper'><div class=\"btn-element\" ><a class=\"btn btn--white\" href=\"https:\/\/novare.se\/intro\/kontakta-oss\/\"target=\"_self\">Kontakta oss<\/a><\/div><\/div>    \n                                                    <\/div>\n\n                                                    <div class=\"701 HEROTHREEIMG img-col \"   >\n                            <img loading=\"lazy\" decoding=\"async\" width=\"1024\" height=\"945\" src=\"https:\/\/novare.se\/intro\/wp-content\/uploads\/sites\/3\/2024\/06\/Novare_sma23_webb-1024x945.jpg\" class=\"attachment-large size-large\" alt=\"Tv\u00e5 personer samtalar, en h\u00e5ller en kopp, utomhus.\" srcset=\"https:\/\/novare.se\/intro\/wp-content\/uploads\/sites\/3\/2024\/06\/Novare_sma23_webb-1024x945.jpg 1024w, https:\/\/novare.se\/intro\/wp-content\/uploads\/sites\/3\/2024\/06\/Novare_sma23_webb-360x332.jpg 360w, https:\/\/novare.se\/intro\/wp-content\/uploads\/sites\/3\/2024\/06\/Novare_sma23_webb-768x709.jpg 768w, https:\/\/novare.se\/intro\/wp-content\/uploads\/sites\/3\/2024\/06\/Novare_sma23_webb.jpg 1300w\" sizes=\"(max-width: 1024px) 100vw, 1024px\" \/>                                \n                            <\/div>\n                                            <\/div>\n                <\/div>\n            <\/div>\n        <\/div>\n    <\/div>\n            <div class=\"hero-3--bottom-section \"  >\n        <div class=\"breadcrumbs dark-text\">\n\t<div class=\"container\">\n        <div class=\"row\">\n            <div class=\"row__col\">\n                <div class=\"breadcrumbs--inner\">\n                    <ul>\n                                                                                <li>\n                                <a href=\"https:\/\/novare.se\/\" class=\"alt\">\n                                    Novare                                <\/a>\n                            <\/li>\n                            \n\t\t\t                                        <li>\n                                <a href=\"https:\/\/novare.se\/intro\/\" class=\"alt\">\n                                                                            Novare Intro                                                                    <\/a>\n                            <\/li>\n\t\t\t                                    <li><span class=\"alt\">Om oss<\/span><\/li>\n                    <\/ul>\n                <\/div>\n            <\/div>\n        <\/div>\n\t<\/div>\n<\/div>        <\/div>\n    \n    <\/section>\n\n\n<section id=\"one-column-text-block-block_2fd4a14252f08f69f2218724a172ecef\" class=\"block one-column-text-block  m-b bg-default\">\n    <div class=\"container\">\n        <div class=\"row row--middle\">\n                            <div class=\"row__col row__col--lg-8\">\n                    <div class=\"title-wrapper\" data-aos-anchor='#one-column-text-block-block_2fd4a14252f08f69f2218724a172ecef'data-aos='fade-up'data-aos-easing='ease-in-out-sine'data-aos-duration='500'data-aos-delay='0'data-aos-once='true'data-aos-offset='250' >\n                        <h3 class=\"h4 m-0 text-left\">Att se <strong><i>m\u00f6jligheterna<\/i><\/strong><\/h3>                    <\/div>\n                <\/div>\n                            \n                            <div class=\"row__col row__col--lg-8\" data-aos-anchor='#one-column-text-block-block_2fd4a14252f08f69f2218724a172ecef'data-aos='fade-up'data-aos-easing='ease-in-out-sine'data-aos-duration='500'data-aos-delay='250'data-aos-once='true'data-aos-offset='250'>\n                    <p class=\"preamble m-0\">Det finns fortfarande f\u00f6rdomar kring m\u00e4nniskor med funktionsvariationer. Det \u00e4r synd, eftersom de ofta g\u00f6r att man g\u00e5r miste om den kompetens och potential som finns.<\/p>                <\/div>\n            \n                            <div class=\"row__col row__col--lg-8\" data-aos-anchor='#one-column-text-block-block_2fd4a14252f08f69f2218724a172ecef'data-aos='fade-up'data-aos-easing='ease-in-out-sine'data-aos-duration='500'data-aos-delay='250'data-aos-once='true'data-aos-offset='250'>\n                    <div class=\"text-wrapper editor-content\">\n                        <p>Funktionsvariationer inneb\u00e4r n\u00e4mligen inte bara utmaningar, utan ocks\u00e5 unika styrkor, perspektiv och specialiserade f\u00e4rdigheter.\u00a0Vi p\u00e5 Novare Intro arbetar med rekrytering av unga vuxna med neuropsykiatriska funktionsvariationer som ADHD, Asperger och autism. V\u00e5r roll \u00e4r att bygga broar mellan arbetsgivare som s\u00f6ker kompetens och kandidater som ofta f\u00f6rbises n\u00e4r rekrytering sker p\u00e5 traditionellt s\u00e4tt.<\/p>\n<p>&nbsp;<\/p>\n<h5>S\u00e5 fungerar det<\/h5>\n<p>Vi erbjuder en modell som vi kallar Introduktionsrekrytering. Det inneb\u00e4r att kandidaten b\u00f6rjar arbeta hos er som konsult, med kontinuerligt st\u00f6d och coachning fr\u00e5n oss. Vi finns med under hela processen som st\u00f6d &#8211; b\u00e5de f\u00f6r konsulten och f\u00f6r er som arbetsgivare.<\/p>\n<p>Efter introduktionsperioden v\u00e4ljer mer \u00e4n 80 procent av v\u00e5ra kunder att g\u00e5 vidare och sj\u00e4lva anst\u00e4lla personen. F\u00f6r oss \u00e4r det ett tydligt tecken p\u00e5 att samarbetet fungerar v\u00e4l, att relationerna utvecklas p\u00e5 ett positivt s\u00e4tt och att b\u00e5de kund och kandidat \u00e4r n\u00f6jda.<\/p>\n<p>&nbsp;<\/p>\n<h5>Bakgrunden till Novare Intro<\/h5>\n<p>Novare Intro startade 2012 som en reaktion p\u00e5 de h\u00f6ga arbetsl\u00f6shetstalen bland unga vuxna med funktionsvariationer. Vi s\u00e5g b\u00e5de ett v\u00e4xande samh\u00e4llsproblem och en stor outnyttjad potential, och beslutade oss f\u00f6r att g\u00f6ra n\u00e5got \u00e5t det.<\/p>\n<p>Sedan dess har vi hj\u00e4lpt hundratals unga vuxna i Stockholmsomr\u00e5det till arbete, utveckling och egen f\u00f6rs\u00f6rjning. Samtidigt har arbetsgivare f\u00e5tt motiverade, engagerade medarbetare som bidrar med v\u00e4rdefull kompetens och nya perspektiv.<\/p>\n                    <\/div>\n                <\/div>\n                            \n            \n                    <\/div>\n    <\/div>\n<\/section>\n\n<section id=\"contact-persons-block_00f8e8a37b49a0debf7182f5b2310d7e\" class=\"block contact-persons  m-b\">\n    <div class=\"container\">\n        <div class=\"row\">\n            <div class=\"row__col row__col--lg-12\">\n                <div class=\"contact-persons--wrapper bg-purple-deep\">\n                    <div class=\"contact-persons--wrapper--content\" >\n                                                    <div class=\"header-wrapper\" >\n                                <h3 class=\"h3 text-left\"><strong><i>Vill du veta mer?<\/i><\/strong><\/h3>                            <\/div>\n                        \n                                                    <div class=\"text-wrapper\">\n                                <p>H\u00f6r g\u00e4rna av dig f\u00f6r att prata om hur ett samarbete skulle kunna se ut. Vi s\u00e4tter dig g\u00e4rna i kontakt med f\u00f6retag som redan tagit steget. Erfarenheten visar att det ofta blir b\u00f6rjan p\u00e5 n\u00e5got riktigt bra.<\/p>\n                            <\/div>\n                        \n                                                                                                <\/div>\n                    <div class=\"contact-persons--wrapper--people\">\n                                                                                    <div class=\"contact-person\" data-aos-anchor='#contact-persons-block_00f8e8a37b49a0debf7182f5b2310d7e'data-aos='fade-right'data-aos-easing='ease-in-out-sine'data-aos-duration='500'data-aos-delay='0'data-aos-once='true'data-aos-offset='250' >\n                                    <div class=\"contact-person--image\">\n                                        <img loading=\"lazy\" decoding=\"async\" width=\"360\" height=\"240\" src=\"https:\/\/novare.se\/intro\/wp-content\/uploads\/sites\/3\/2024\/04\/DA_SaraRossiPhotography-14_1-360x240.jpg\" class=\"attachment-medium size-medium\" alt=\"Delal medarbetarbild_final\" srcset=\"https:\/\/novare.se\/intro\/wp-content\/uploads\/sites\/3\/2024\/04\/DA_SaraRossiPhotography-14_1-360x240.jpg 360w, https:\/\/novare.se\/intro\/wp-content\/uploads\/sites\/3\/2024\/04\/DA_SaraRossiPhotography-14_1-1024x683.jpg 1024w, https:\/\/novare.se\/intro\/wp-content\/uploads\/sites\/3\/2024\/04\/DA_SaraRossiPhotography-14_1-768x512.jpg 768w, https:\/\/novare.se\/intro\/wp-content\/uploads\/sites\/3\/2024\/04\/DA_SaraRossiPhotography-14_1-1536x1024.jpg 1536w, https:\/\/novare.se\/intro\/wp-content\/uploads\/sites\/3\/2024\/04\/DA_SaraRossiPhotography-14_1-2048x1365.jpg 2048w\" sizes=\"(max-width: 360px) 100vw, 360px\" \/>                                    <\/div>\n                                    <div class=\"contact-person--details\">\n                                        <div class=\"name-wrapper\">\n                                            <a href=\"https:\/\/novare.se\/intro\/medarbetare\/delal-apak\/\">Delal Apak<\/a>\n                                        <\/div>\n                                        <div class=\"title-wrapper\">\n                                            <p>Vd och del\u00e4gare<\/p>\n                                        <\/div>\n                                        <div class=\"email-wrapper\">\n                                            <a href=\"mailto:delal.apak@novare.se\">delal.apak@novare.se<\/a>\n                                        <\/div>\n                                        <div class=\"phone-wrapper\">\n                                            <a href=\"tel:+46739989163\">+46 739 98 91 63<\/a>\n                                        <\/div>\n                                    <\/div>\n                                <\/div>\n                                                    <\/div>\n                <\/div>\n            <\/div>\n        <\/div>\n    <\/div>\n<\/section>\n\n\n<section id=\"numbers-block-block_1adf99f7da269fa53c2ca03135a392a4\" class=\"block numbers-block  m-b bg-primary bg-opacity-95\"\n\t >\n    <div class=\"overlay bg-primary bg-opacity-95\"><\/div>\n\t        <div class=\"video-wrapper\">\n            <video loop autoplay muted playsinline>\n                <source src=\"\" type=\"video\/mp4\">\n\t\t\t\tYour browser does not support HTML videos.            <\/video>\n        <\/div>\n\t\n\t<div class=\"container\">\n\t\t<div class=\"row content-wrapper\">\n            <div class=\"row__col row__col--lg-4 left-side\">\n\t\t\t\t                \t<div class=\"title-wrapper\">\n                \t    <h3 class=\"h3 text-left\" style=\"color:#f5f2ef\"><strong><i>Novare Intro <\/i><\/strong>i siffor <\/h3>                \t<\/div>\n                \n                \t\t\t<\/div>\n\t\t\t<div class=\"row__col row__col--lg-8 right-side\" >\n\t\t\t\t\t\t\t\t\t\t\t\t\t\t\t                        <div class=\"number-wrapper\" data-aos-anchor='#numbers-block-block_1adf99f7da269fa53c2ca03135a392a4'data-aos='fade-in'data-aos-easing='ease-in-out-sine'data-aos-duration='500'data-aos-delay='0'data-aos-once='true'data-aos-offset='250'>\n                            <div class=\"number\">\n                                <div class=\"circle\">\n                                    <span class=\"number-value\" data-max=\"80\">80<\/span><span class=\"unit\">%<\/span>\n                                <\/div>\n                                <div class=\"label\">\n                                    Av konsulterna f\u00e5r anst\u00e4llning hos kund efter 1 \u00e5r hos Novare Intro                                <\/div>\n                            <\/div>\n                        <\/div>\n                        \t\t\t\t\t\t\t\t\t\t\t                        <div class=\"number-wrapper\" data-aos-anchor='#numbers-block-block_1adf99f7da269fa53c2ca03135a392a4'data-aos='fade-in'data-aos-easing='ease-in-out-sine'data-aos-duration='500'data-aos-delay='200'data-aos-once='true'data-aos-offset='250'>\n                            <div class=\"number\">\n                                <div class=\"circle\">\n                                    <span class=\"number-value\" data-max=\"300\">300<\/span><span class=\"unit\">+<\/span>\n                                <\/div>\n                                <div class=\"label\">\n                                    Personer har f\u00e5tt arbete via oss                                <\/div>\n                            <\/div>\n                        <\/div>\n                        \t\t\t\t\t\t\t\t\t\t\t                        <div class=\"number-wrapper\" data-aos-anchor='#numbers-block-block_1adf99f7da269fa53c2ca03135a392a4'data-aos='fade-in'data-aos-easing='ease-in-out-sine'data-aos-duration='500'data-aos-delay='400'data-aos-once='true'data-aos-offset='250'>\n                            <div class=\"number\">\n                                <div class=\"circle\">\n                                    <span class=\"number-value\" data-max=\"2012\">2012<\/span><span class=\"unit\"><\/span>\n                                <\/div>\n                                <div class=\"label\">\n                                    Grundades Novare Intro                                <\/div>\n                            <\/div>\n                        <\/div>\n                        \t\t\t\t\t\t\t\t\t\t\n\t\t\t<\/div>\n\t\t<\/div>\n\t<\/div>\n<\/section>\n\n<section id=\"faq-block-block_6f881e71b43dec2da051adab1395d394\" class=\"block faq-block  m-b bg-default\">\n    <div class=\"container\">\n        <div class=\"row\">\n            <div class=\"row__col row__col--lg-6\" data-aos-anchor='#faq-block-block_6f881e71b43dec2da051adab1395d394'data-aos='fade-up'data-aos-easing='ease-in-out-sine'data-aos-duration='500'data-aos-delay='0'data-aos-once='true'data-aos-offset='250' >\n                <img loading=\"lazy\" decoding=\"async\" width=\"625\" height=\"761\" src=\"https:\/\/novare.se\/intro\/wp-content\/uploads\/sites\/3\/2024\/03\/faq-bench.png\" class=\"media-item\" alt=\"Tre personer sitter och pratar p\u00e5 en utomhusb\u00e4nk.\" srcset=\"https:\/\/novare.se\/intro\/wp-content\/uploads\/sites\/3\/2024\/03\/faq-bench.png 625w, https:\/\/novare.se\/intro\/wp-content\/uploads\/sites\/3\/2024\/03\/faq-bench-296x360.png 296w\" sizes=\"(max-width: 625px) 100vw, 625px\" \/>            <\/div>\n            \n            <div class=\"row__col row__col--lg-6\">\n                                    <div class=\"title-wrapper text-medium\" data-aos-anchor='#faq-block-block_6f881e71b43dec2da051adab1395d394'data-aos='fade-up'data-aos-easing='ease-in-out-sine'data-aos-duration='500'data-aos-delay='300'data-aos-once='true'data-aos-offset='250' >\n                        <h2 class=\"h3 text-left\">Vanliga fr\u00e5gor om <i><strong>Novare intro<\/i><\/strong><\/h2>                    <\/div>\n                                                    \n                                    <div class=\"accordion\">\n                                                    <div class=\"accordion-item\" data-aos-anchor='#faq-block-block_6f881e71b43dec2da051adab1395d394'data-aos='fade-right'data-aos-easing='ease-in-out-sine'data-aos-duration='500'data-aos-delay='1000'data-aos-once='true'data-aos-offset='250' >\n                                <div class=\"accordion-header\">\n                                    <span class=\"question\">Vilka \u00e4r Novare Intro?<\/span>\n                                    <i class=\"fa fa-plus\"><\/i><i class=\"fa fa-minus hidden\"><\/i>\n                                <\/div>\n                                <div class=\"accordion-content\" style=\"display: none;\">\n                                    <span class=\"separator\"><\/span>\n                                    Novare Intro \u00e4r ett rekryteringsbolag som hj\u00e4lper unga vuxna med neuropsykiatriska funktionsvariationer (som t. ex. ADHD och Autism) ut p\u00e5 arbetsmarknaden. Vi ser till individens styrkor och drivkrafter ist\u00e4llet f\u00f6r vad som st\u00e5r p\u00e5 deras CV. Genom att matcha detta mot f\u00f6retagens behov hj\u00e4lper vi dem att hitta engagerad och kompetent personal, samtidigt som f\u00f6retagen \u00e4r med och g\u00f6r skillnad f\u00f6r n\u00e5gon annan.                                <\/div>\n                            <\/div>\n                                                        <div class=\"accordion-item\" data-aos-anchor='#faq-block-block_6f881e71b43dec2da051adab1395d394'data-aos='fade-right'data-aos-easing='ease-in-out-sine'data-aos-duration='500'data-aos-delay='1250'data-aos-once='true'data-aos-offset='250' >\n                                <div class=\"accordion-header\">\n                                    <span class=\"question\">Vilken m\u00e5lgrupp riktar sig Novare Intro till?<\/span>\n                                    <i class=\"fa fa-plus\"><\/i><i class=\"fa fa-minus hidden\"><\/i>\n                                <\/div>\n                                <div class=\"accordion-content\" style=\"display: none;\">\n                                    <span class=\"separator\"><\/span>\n                                    Verksamheten riktar sig fr\u00e4mst till unga vuxna med neuropsykiatriska funktionsvariationer samt till arbetsgivare som vill bredda sin rekrytering och ta tillvara p\u00e5 fler kompetenser.                                <\/div>\n                            <\/div>\n                                                        <div class=\"accordion-item\" data-aos-anchor='#faq-block-block_6f881e71b43dec2da051adab1395d394'data-aos='fade-right'data-aos-easing='ease-in-out-sine'data-aos-duration='500'data-aos-delay='1500'data-aos-once='true'data-aos-offset='250' >\n                                <div class=\"accordion-header\">\n                                    <span class=\"question\">Vad skiljer Novare Intro fr\u00e5n andra, t.ex. Arbetsf\u00f6rmedlingen och Samhall?<\/span>\n                                    <i class=\"fa fa-plus\"><\/i><i class=\"fa fa-minus hidden\"><\/i>\n                                <\/div>\n                                <div class=\"accordion-content\" style=\"display: none;\">\n                                    <span class=\"separator\"><\/span>\n                                    Novare Intro presenterar enbart kandidater som sj\u00e4lva har s\u00f6kt den specifika tj\u00e4nsten de rekryteras till. Vi \u00e4r ocks\u00e5 ett litet bolag vilket g\u00f6r oss v\u00e4ldigt flexibla, vi \u00e4r vana vid att arbeta b\u00e5de med stora och sm\u00e5 bolag.                                <\/div>\n                            <\/div>\n                                                        <div class=\"accordion-item\" data-aos-anchor='#faq-block-block_6f881e71b43dec2da051adab1395d394'data-aos='fade-right'data-aos-easing='ease-in-out-sine'data-aos-duration='500'data-aos-delay='1750'data-aos-once='true'data-aos-offset='250' >\n                                <div class=\"accordion-header\">\n                                    <span class=\"question\">Hur arbetar Novare Intro tillsammans med arbetsgivare?<\/span>\n                                    <i class=\"fa fa-plus\"><\/i><i class=\"fa fa-minus hidden\"><\/i>\n                                <\/div>\n                                <div class=\"accordion-content\" style=\"display: none;\">\n                                    <span class=\"separator\"><\/span>\n                                    Novare Intro st\u00f6ttar arbetsgivare genom hela processen med matchning, f\u00f6rst\u00e5else f\u00f6r m\u00e5lgruppen och skapande av r\u00e4tt f\u00f6ruts\u00e4ttningar f\u00f6r att b\u00e5de individ och organisation ska lyckas.                                <\/div>\n                            <\/div>\n                                                        <div class=\"accordion-item\" data-aos-anchor='#faq-block-block_6f881e71b43dec2da051adab1395d394'data-aos='fade-right'data-aos-easing='ease-in-out-sine'data-aos-duration='500'data-aos-delay='2000'data-aos-once='true'data-aos-offset='250' >\n                                <div class=\"accordion-header\">\n                                    <span class=\"question\">Varf\u00f6r \u00e4r Novare Intros arbete viktigt?<\/span>\n                                    <i class=\"fa fa-plus\"><\/i><i class=\"fa fa-minus hidden\"><\/i>\n                                <\/div>\n                                <div class=\"accordion-content\" style=\"display: none;\">\n                                    <span class=\"separator\"><\/span>\n                                    Genom att synligg\u00f6ra kompetens som ofta f\u00f6rbises bidrar Novare Intro till \u00f6kad inkludering, b\u00e4ttre kompetensf\u00f6rs\u00f6rjning och ett mer h\u00e5llbart arbetsliv f\u00f6r alla parter.                                <\/div>\n                            <\/div>\n                                                <\/div>\n                            <\/div>\n        <\/div>\n    <\/div>\n<\/section>\n","protected":false},"excerpt":{"rendered":"","protected":false},"author":4,"featured_media":0,"parent":0,"menu_order":0,"comment_status":"closed","ping_status":"closed","template":"","meta":{"_acf_changed":false,"_seopress_robots_primary_cat":"","_seopress_titles_title":"Rekrytering f\u00f6r unga vuxna med NPF - novare.se","_seopress_titles_desc":"Novare Intro specialiserar sig p\u00e5 att rekrytera unga med NPF som ADHD och autism. Vi erbjuder konsultst\u00f6d och hj\u00e4lper arbetsgivare att hitta r\u00e4tt kompetens.","_seopress_robots_index":"","inline_featured_image":false,"footnotes":""},"class_list":["post-641","page","type-page","status-publish","hentry"],"acf":[],"_links":{"self":[{"href":"https:\/\/novare.se\/intro\/wp-json\/wp\/v2\/pages\/641","targetHints":{"allow":["GET"]}}],"collection":[{"href":"https:\/\/novare.se\/intro\/wp-json\/wp\/v2\/pages"}],"about":[{"href":"https:\/\/novare.se\/intro\/wp-json\/wp\/v2\/types\/page"}],"author":[{"embeddable":true,"href":"https:\/\/novare.se\/intro\/wp-json\/wp\/v2\/users\/4"}],"replies":[{"embeddable":true,"href":"https:\/\/novare.se\/intro\/wp-json\/wp\/v2\/comments?post=641"}],"version-history":[{"count":25,"href":"https:\/\/novare.se\/intro\/wp-json\/wp\/v2\/pages\/641\/revisions"}],"predecessor-version":[{"id":1821,"href":"https:\/\/novare.se\/intro\/wp-json\/wp\/v2\/pages\/641\/revisions\/1821"}],"wp:attachment":[{"href":"https:\/\/novare.se\/intro\/wp-json\/wp\/v2\/media?parent=641"}],"curies":[{"name":"wp","href":"https:\/\/api.w.org\/{rel}","templated":true}]}}