{"id":341,"date":"2024-05-15T15:11:46","date_gmt":"2024-05-15T15:11:46","guid":{"rendered":"https:\/\/novare.se\/intro\/?page_id=341"},"modified":"2026-02-02T19:07:40","modified_gmt":"2026-02-02T19:07:40","slug":"forelasningar","status":"publish","type":"page","link":"https:\/\/novare.se\/intro\/forelasningar\/","title":{"rendered":"F\u00f6rel\u00e4sningar"},"content":{"rendered":"<section id=\"hero-3-block_f3328688517b8beff7f6b937243573b2\" class=\"block hero-3  m-b \">\n    <div class=\"hero-3--top-section bg-primary\">\n                    <div class=\"bg-backdrop\">\n                <div class=\"bg-backdrop--inner\"><\/div>\n            <\/div>\n                <div class=\"container\">\n            <div class=\"row\">\n                <div class=\"row__col\">\n                    <div class=\"text-img-wrapper\">\n                        <div class=\"text-col\" >\n                                                                \n                                <div class=\"title-wrapper\" >\n                                    <h1 class=\"h2 text-left\" style=\"color:#f5f2ef\"><strong><i>F\u00f6rel\u00e4sningar<\/i><\/strong><\/h1>                                <\/div>\n                                                            \n                            \n                                                            <div class=\"text-wrapper\" >\n                                    <p>Novare Intro erbjuder f\u00f6rel\u00e4sningar f\u00f6r att inspirera bolag till att v\u00e5ga t\u00e4nka annorlunda vid rekrytering.<\/p>\n                                <\/div>\n                                                            \n                                                    <\/div>\n\n                                                    <div class=\"1553 HEROTHREEIMG img-col \"   >\n                            <img loading=\"lazy\" decoding=\"async\" width=\"1024\" height=\"1024\" src=\"https:\/\/novare.se\/intro\/wp-content\/uploads\/sites\/3\/2025\/10\/bakgrundskontroller_1080x10801-1024x1024.jpg\" class=\"attachment-large size-large\" alt=\"\" srcset=\"https:\/\/novare.se\/intro\/wp-content\/uploads\/sites\/3\/2025\/10\/bakgrundskontroller_1080x10801-1024x1024.jpg 1024w, https:\/\/novare.se\/intro\/wp-content\/uploads\/sites\/3\/2025\/10\/bakgrundskontroller_1080x10801-360x360.jpg 360w, https:\/\/novare.se\/intro\/wp-content\/uploads\/sites\/3\/2025\/10\/bakgrundskontroller_1080x10801-150x150.jpg 150w, https:\/\/novare.se\/intro\/wp-content\/uploads\/sites\/3\/2025\/10\/bakgrundskontroller_1080x10801-768x768.jpg 768w, https:\/\/novare.se\/intro\/wp-content\/uploads\/sites\/3\/2025\/10\/bakgrundskontroller_1080x10801.jpg 1080w\" sizes=\"(max-width: 1024px) 100vw, 1024px\" \/>                                \n                            <\/div>\n                                            <\/div>\n                <\/div>\n            <\/div>\n        <\/div>\n    <\/div>\n            <div class=\"hero-3--bottom-section \"  >\n        <div class=\"breadcrumbs dark-text\">\n\t<div class=\"container\">\n        <div class=\"row\">\n            <div class=\"row__col\">\n                <div class=\"breadcrumbs--inner\">\n                    <ul>\n                                                                                <li>\n                                <a href=\"https:\/\/novare.se\/\" class=\"alt\">\n                                    Novare                                <\/a>\n                            <\/li>\n                            \n\t\t\t                                        <li>\n                                <a href=\"https:\/\/novare.se\/intro\/\" class=\"alt\">\n                                                                            Novare Intro                                                                    <\/a>\n                            <\/li>\n\t\t\t                                    <li><span class=\"alt\">F\u00f6rel\u00e4sningar<\/span><\/li>\n                    <\/ul>\n                <\/div>\n            <\/div>\n        <\/div>\n\t<\/div>\n<\/div>        <\/div>\n    \n    <\/section>\n\n\n<section id=\"one-column-text-block-block_7ad63dd192a0dcf61cf3b0c7fbab5a44\" class=\"block one-column-text-block  m-b bg-default\">\n    <div class=\"container\">\n        <div class=\"row row--middle\">\n                            <div class=\"row__col row__col--lg-8\">\n                    <div class=\"title-wrapper\" data-aos-anchor='#one-column-text-block-block_7ad63dd192a0dcf61cf3b0c7fbab5a44'data-aos='fade-up'data-aos-easing='ease-in-out-sine'data-aos-duration='500'data-aos-delay='0'data-aos-once='true'data-aos-offset='250' >\n                        <h3 class=\"h4 m-0 text-left\">Hur rekryterar du med ett <strong><i>bredare perspektiv?<\/i><\/strong><\/h3>                    <\/div>\n                <\/div>\n                            \n                            <div class=\"row__col row__col--lg-8\" data-aos-anchor='#one-column-text-block-block_7ad63dd192a0dcf61cf3b0c7fbab5a44'data-aos='fade-up'data-aos-easing='ease-in-out-sine'data-aos-duration='500'data-aos-delay='250'data-aos-once='true'data-aos-offset='250'>\n                    <p class=\"preamble m-0\">F\u00f6rel\u00e4saren Delal Apak \u00e4r vd och del\u00e4gare i Novare Intro som jobbar med att f\u00e5 ut unga personer med funktionsvariationer p\u00e5 arbetsmarknaden.<\/p>                <\/div>\n            \n                            <div class=\"row__col row__col--lg-8\" data-aos-anchor='#one-column-text-block-block_7ad63dd192a0dcf61cf3b0c7fbab5a44'data-aos='fade-up'data-aos-easing='ease-in-out-sine'data-aos-duration='500'data-aos-delay='250'data-aos-once='true'data-aos-offset='250'>\n                    <div class=\"text-wrapper editor-content\">\n                        <p><strong>Tid:<\/strong> 45 min<br \/>\n<strong>Plats:<\/strong> Teams eller p\u00e5 plats hos er<\/p>\n<p>Delal delar med sig av sina l\u00e4rdomar fr\u00e5n att jobba med denna m\u00e5lgrupp och vad det tillf\u00f6r till en arbetsplats. F\u00f6rel\u00e4sningen handlar om att v\u00e5ga utmana sina invanda m\u00f6nster och de normer man agerar efter.<\/p>\n<p>Hur rekryterar du med fler perspektiv i \u00e5tanke och hur skapar du en faktisk f\u00f6r\u00e4ndring i din organisation f\u00f6r att ska skapa st\u00f6rre perspektivt\u00e4thet?<\/p>\n<p>F\u00f6rel\u00e4sningen inspirerar bolag till att v\u00e5ga t\u00e4nka annorlunda vid rekrytering. Genom tydliga exempel ges inspiration till hur alla f\u00f6retag och organisationer kan skapa en mer f\u00f6rdomsfri rekryteringsprocess med enkla medel. F\u00f6rel\u00e4sningen \u00e4r dialogbaserad och ger p\u00e5 det s\u00e4ttet en m\u00f6jlighet att skr\u00e4ddarsy inneh\u00e5llet f\u00f6r att hj\u00e4lpa och inspirera just ert f\u00f6retag.<\/p>\n                    <\/div>\n                <\/div>\n                            \n            \n                    <\/div>\n    <\/div>\n<\/section>\n\n<section id=\"contact-persons-block_ba99bc631f241b7e423abe20004e1e17\" class=\"block contact-persons  m-b\">\n    <div class=\"container\">\n        <div class=\"row\">\n            <div class=\"row__col row__col--lg-12\">\n                <div class=\"contact-persons--wrapper bg-primary\">\n                    <div class=\"contact-persons--wrapper--content\" >\n                                                    <div class=\"header-wrapper\" >\n                                <h3 class=\"h4 text-left\"><strong><i>Kontakta Delal Apak <\/i><\/strong>f\u00f6r att boka en f\u00f6rel\u00e4sning!<\/h3>                            <\/div>\n                        \n                        \n                                                                                                <\/div>\n                    <div class=\"contact-persons--wrapper--people\">\n                                                                                    <div class=\"contact-person\" data-aos-anchor='#contact-persons-block_ba99bc631f241b7e423abe20004e1e17'data-aos='fade-right'data-aos-easing='ease-in-out-sine'data-aos-duration='500'data-aos-delay='0'data-aos-once='true'data-aos-offset='250' >\n                                    <div class=\"contact-person--image\">\n                                        <img loading=\"lazy\" decoding=\"async\" width=\"360\" height=\"240\" src=\"https:\/\/novare.se\/intro\/wp-content\/uploads\/sites\/3\/2024\/04\/DA_SaraRossiPhotography-14_1-360x240.jpg\" class=\"attachment-medium size-medium\" alt=\"Delal medarbetarbild_final\" srcset=\"https:\/\/novare.se\/intro\/wp-content\/uploads\/sites\/3\/2024\/04\/DA_SaraRossiPhotography-14_1-360x240.jpg 360w, https:\/\/novare.se\/intro\/wp-content\/uploads\/sites\/3\/2024\/04\/DA_SaraRossiPhotography-14_1-1024x683.jpg 1024w, https:\/\/novare.se\/intro\/wp-content\/uploads\/sites\/3\/2024\/04\/DA_SaraRossiPhotography-14_1-768x512.jpg 768w, https:\/\/novare.se\/intro\/wp-content\/uploads\/sites\/3\/2024\/04\/DA_SaraRossiPhotography-14_1-1536x1024.jpg 1536w, https:\/\/novare.se\/intro\/wp-content\/uploads\/sites\/3\/2024\/04\/DA_SaraRossiPhotography-14_1-2048x1365.jpg 2048w\" sizes=\"(max-width: 360px) 100vw, 360px\" \/>                                    <\/div>\n                                    <div class=\"contact-person--details\">\n                                        <div class=\"name-wrapper\">\n                                            <a href=\"https:\/\/novare.se\/intro\/medarbetare\/delal-apak\/\">Delal Apak<\/a>\n                                        <\/div>\n                                        <div class=\"title-wrapper\">\n                                            <p>Vd och del\u00e4gare<\/p>\n                                        <\/div>\n                                        <div class=\"email-wrapper\">\n                                            <a href=\"mailto:delal.apak@novare.se\">delal.apak@novare.se<\/a>\n                                        <\/div>\n                                        <div class=\"phone-wrapper\">\n                                            <a href=\"tel:+46739989163\">+46 739 98 91 63<\/a>\n                                        <\/div>\n                                    <\/div>\n                                <\/div>\n                                                    <\/div>\n                <\/div>\n            <\/div>\n        <\/div>\n    <\/div>\n<\/section>\n\n\n<section id=\"faq-block-block_c7ab9f65766c867508eb1e989faaf482\" class=\"block faq-block  m-b bg-white\">\n    <div class=\"container\">\n        <div class=\"row\">\n            <div class=\"row__col row__col--lg-6\" data-aos-anchor='#faq-block-block_c7ab9f65766c867508eb1e989faaf482'data-aos='fade-up'data-aos-easing='ease-in-out-sine'data-aos-duration='500'data-aos-delay='0'data-aos-once='true'data-aos-offset='250' >\n                <img loading=\"lazy\" decoding=\"async\" width=\"625\" height=\"761\" src=\"https:\/\/novare.se\/intro\/wp-content\/uploads\/sites\/3\/2024\/03\/faq-bench.png\" class=\"media-item\" alt=\"Tre personer sitter och pratar p\u00e5 en utomhusb\u00e4nk.\" srcset=\"https:\/\/novare.se\/intro\/wp-content\/uploads\/sites\/3\/2024\/03\/faq-bench.png 625w, https:\/\/novare.se\/intro\/wp-content\/uploads\/sites\/3\/2024\/03\/faq-bench-296x360.png 296w\" sizes=\"(max-width: 625px) 100vw, 625px\" \/>            <\/div>\n            \n            <div class=\"row__col row__col--lg-6\">\n                                    <div class=\"title-wrapper text-medium\" data-aos-anchor='#faq-block-block_c7ab9f65766c867508eb1e989faaf482'data-aos='fade-up'data-aos-easing='ease-in-out-sine'data-aos-duration='500'data-aos-delay='300'data-aos-once='true'data-aos-offset='250' >\n                        <h2 class=\"h3 text-left\">Vanliga fr\u00e5gor om v\u00e5ra <i><strong>f\u00f6rel\u00e4sningar<\/i><\/strong><\/h2>                    <\/div>\n                                                    \n                                    <div class=\"accordion\">\n                                                    <div class=\"accordion-item\" data-aos-anchor='#faq-block-block_c7ab9f65766c867508eb1e989faaf482'data-aos='fade-right'data-aos-easing='ease-in-out-sine'data-aos-duration='500'data-aos-delay='1000'data-aos-once='true'data-aos-offset='250' >\n                                <div class=\"accordion-header\">\n                                    <span class=\"question\">Vad handlar v\u00e5ra f\u00f6rel\u00e4sningar om?<\/span>\n                                    <i class=\"fa fa-plus\"><\/i><i class=\"fa fa-minus hidden\"><\/i>\n                                <\/div>\n                                <div class=\"accordion-content\" style=\"display: none;\">\n                                    <span class=\"separator\"><\/span>\n                                    F\u00f6rel\u00e4sningarna fokuserar p\u00e5 hur organisationer kan bredda sitt perspektiv i rekrytering och skapa b\u00e4ttre f\u00f6ruts\u00e4ttningar f\u00f6r unga personer med neuropsykiatriska funktionsvariationer att komma in i arbetslivet.                                <\/div>\n                            <\/div>\n                                                        <div class=\"accordion-item\" data-aos-anchor='#faq-block-block_c7ab9f65766c867508eb1e989faaf482'data-aos='fade-right'data-aos-easing='ease-in-out-sine'data-aos-duration='500'data-aos-delay='1250'data-aos-once='true'data-aos-offset='250' >\n                                <div class=\"accordion-header\">\n                                    <span class=\"question\">Vem riktar sig f\u00f6rel\u00e4sningarna till?<\/span>\n                                    <i class=\"fa fa-plus\"><\/i><i class=\"fa fa-minus hidden\"><\/i>\n                                <\/div>\n                                <div class=\"accordion-content\" style=\"display: none;\">\n                                    <span class=\"separator\"><\/span>\n                                    De riktar sig till arbetsgivare, chefer, HR, rekryterare och organisationer som vill \u00f6ka sin kunskap om inkluderande rekrytering och ta tillvara fler kompetenser.                                <\/div>\n                            <\/div>\n                                                        <div class=\"accordion-item\" data-aos-anchor='#faq-block-block_c7ab9f65766c867508eb1e989faaf482'data-aos='fade-right'data-aos-easing='ease-in-out-sine'data-aos-duration='500'data-aos-delay='1500'data-aos-once='true'data-aos-offset='250' >\n                                <div class=\"accordion-header\">\n                                    <span class=\"question\">Vilka erfarenheter bygger f\u00f6rel\u00e4sningarna p\u00e5?<\/span>\n                                    <i class=\"fa fa-plus\"><\/i><i class=\"fa fa-minus hidden\"><\/i>\n                                <\/div>\n                                <div class=\"accordion-content\" style=\"display: none;\">\n                                    <span class=\"separator\"><\/span>\n                                    F\u00f6rel\u00e4sningarna bygger p\u00e5 Novare Intros praktiska arbete med att matcha unga med NPF till arbetsgivare samt p\u00e5 konkreta exempel fr\u00e5n verkliga rekryteringsprocesser.                                <\/div>\n                            <\/div>\n                                                        <div class=\"accordion-item\" data-aos-anchor='#faq-block-block_c7ab9f65766c867508eb1e989faaf482'data-aos='fade-right'data-aos-easing='ease-in-out-sine'data-aos-duration='500'data-aos-delay='1750'data-aos-once='true'data-aos-offset='250' >\n                                <div class=\"accordion-header\">\n                                    <span class=\"question\">Vad f\u00e5r deltagarna med sig efter en f\u00f6rel\u00e4sning?<\/span>\n                                    <i class=\"fa fa-plus\"><\/i><i class=\"fa fa-minus hidden\"><\/i>\n                                <\/div>\n                                <div class=\"accordion-content\" style=\"display: none;\">\n                                    <span class=\"separator\"><\/span>\n                                    Deltagarna f\u00e5r \u00f6kad f\u00f6rst\u00e5else f\u00f6r hur rekrytering kan anpassas, vilka hinder som ofta finns i traditionella processer och hur sm\u00e5 f\u00f6r\u00e4ndringar kan g\u00f6ra stor skillnad.                                <\/div>\n                            <\/div>\n                                                        <div class=\"accordion-item\" data-aos-anchor='#faq-block-block_c7ab9f65766c867508eb1e989faaf482'data-aos='fade-right'data-aos-easing='ease-in-out-sine'data-aos-duration='500'data-aos-delay='2000'data-aos-once='true'data-aos-offset='250' >\n                                <div class=\"accordion-header\">\n                                    <span class=\"question\">G\u00e5r det att anpassa f\u00f6rel\u00e4sningen efter v\u00e5r organisation?<\/span>\n                                    <i class=\"fa fa-plus\"><\/i><i class=\"fa fa-minus hidden\"><\/i>\n                                <\/div>\n                                <div class=\"accordion-content\" style=\"display: none;\">\n                                    <span class=\"separator\"><\/span>\n                                    Ja, f\u00f6rel\u00e4sningarna kan anpassas utifr\u00e5n organisationens behov, m\u00e5lgrupp och utmaningar f\u00f6r att skapa st\u00f6rsta m\u00f6jliga relevans och effekt.                                <\/div>\n                            <\/div>\n                                                <\/div>\n                            <\/div>\n        <\/div>\n    <\/div>\n<\/section>\n","protected":false},"excerpt":{"rendered":"","protected":false},"author":4,"featured_media":0,"parent":0,"menu_order":0,"comment_status":"closed","ping_status":"closed","template":"","meta":{"_acf_changed":false,"_seopress_robots_primary_cat":"","_seopress_titles_title":"Rekrytera med nya perspektiv - novare.se","_seopress_titles_desc":"Uppt\u00e4ck hur bredare perspektiv i rekrytering kan berika din arbetsplats. Inspireras av Delal Apaks insikter och skapa en inkluderande milj\u00f6.","_seopress_robots_index":"","inline_featured_image":false,"footnotes":""},"class_list":["post-341","page","type-page","status-publish","hentry"],"acf":[],"_links":{"self":[{"href":"https:\/\/novare.se\/intro\/wp-json\/wp\/v2\/pages\/341","targetHints":{"allow":["GET"]}}],"collection":[{"href":"https:\/\/novare.se\/intro\/wp-json\/wp\/v2\/pages"}],"about":[{"href":"https:\/\/novare.se\/intro\/wp-json\/wp\/v2\/types\/page"}],"author":[{"embeddable":true,"href":"https:\/\/novare.se\/intro\/wp-json\/wp\/v2\/users\/4"}],"replies":[{"embeddable":true,"href":"https:\/\/novare.se\/intro\/wp-json\/wp\/v2\/comments?post=341"}],"version-history":[{"count":23,"href":"https:\/\/novare.se\/intro\/wp-json\/wp\/v2\/pages\/341\/revisions"}],"predecessor-version":[{"id":1779,"href":"https:\/\/novare.se\/intro\/wp-json\/wp\/v2\/pages\/341\/revisions\/1779"}],"wp:attachment":[{"href":"https:\/\/novare.se\/intro\/wp-json\/wp\/v2\/media?parent=341"}],"curies":[{"name":"wp","href":"https:\/\/api.w.org\/{rel}","templated":true}]}}